{"id":279,"date":"2019-08-06T14:43:35","date_gmt":"2019-08-06T17:43:35","guid":{"rendered":"http:\/\/web.inf.ufpr.br\/lferrari\/?page_id=279"},"modified":"2019-12-16T12:40:33","modified_gmt":"2019-12-16T14:40:33","slug":"ci183-2019-2","status":"publish","type":"page","link":"https:\/\/web.inf.ufpr.br\/lferrari\/teaching\/ci183-2019-2\/","title":{"rendered":"CI183 &#8211; 2019\/2"},"content":{"rendered":"\n<h2>Hor\u00e1rio e Local<\/h2>\n<table class=\"plain\" style=\"width: 100%\">\n<tbody>\n<tr>\n<th style=\"width: 40.5195%\">Programa\u00e7\u00e3o de Computadores<\/th>\n<th style=\"width: 21.2987%\">\n<p><span style=\"color: #000000\">QUA 09:30 &#8211; 11:30<\/span><\/p>\n<p>\u00a0<\/p>\n<p>\u00a0<\/p>\n<p><span style=\"color: #000000\">SEX 09<\/span><span style=\"color: #000000\">:30 &#8211; 11:30<\/span><\/p>\n<\/th>\n<th style=\"width: 6.75325%\">\n<div>\n<p><span style=\"color: #000000\">PK04<\/span><\/p>\n<\/div>\n<p>\u00a0<\/p>\n<p>\u00a0<\/p>\n<div>\n<p><span style=\"color: #000000\">PK04<\/span><\/p>\n<\/div>\n<\/th>\n<th style=\"width: 29.8701%\">\u00a0 Engenharia Ambiental<\/th>\n<\/tr>\n<\/tbody>\n<\/table>\n<h2>Plano de Aula<\/h2>\n<ul>\n<li>14\/08: Primeira Aula<\/li>\n<li>25\/09: SIEPE (n\u00e3o haver\u00e1 aula)<\/li>\n<li>04\/10:\u00a0 <a href=\"http:\/\/web.inf.ufpr.br\/lferrari\/wp-content\/uploads\/sites\/9\/2019\/11\/Notas1.pdf\">Notas<\/a> da Prova 1<\/li>\n<li>25\/10:\u00a0 <a href=\"http:\/\/web.inf.ufpr.br\/lferrari\/wp-content\/uploads\/sites\/9\/2019\/11\/Notas2.pdf\">Notas<\/a> da Prova 2 (divulgado em 04\/11)<\/li>\n<li>15\/11: FERIADO<\/li>\n<li>04\/12: <a href=\"http:\/\/web.inf.ufpr.br\/lferrari\/wp-content\/uploads\/sites\/9\/2019\/12\/2019_08_07_Diario_Classe_CI183.pdf\" target=\"_blank\" rel=\"noopener noreferrer\">Notas<\/a> da Prova 3 (divulgado em 07\/12)<\/li>\n<li>13\/12: <a href=\"http:\/\/web.inf.ufpr.br\/lferrari\/wp-content\/uploads\/sites\/9\/2019\/12\/Notas_Exame.pdf\" target=\"_blank\" rel=\"noopener noreferrer\">Exame<\/a> final<\/li>\n<\/ul>\n<h1>Avalia\u00e7\u00e3o<\/h1>\n<ul class=\"simple\">\n<li>3 (tr\u00eas) provas (P1, P2 e P3)<\/li>\n<li>C\u00e1lculo da M\u00e9dia Parcial:\u00a0<strong>0.25*(P1+P2) + 0.5*P3<\/strong><\/li>\n<li>C\u00e1lculo da M\u00e9dia Final:\n<ul>\n<li><span style=\"color: #000000\">igual \u00e0 M\u00e9dia Parcial, se esta \u00e9 igual ou superior a 70 ou inferior a 40,<\/span><\/li>\n<li><span style=\"color: #000000\">m\u00e9dia aritm\u00e9tica entre a M\u00e9dia Parcial e a nota no Exame Final, caso contr\u00e1rio.<\/span><\/li>\n<\/ul>\n<\/li>\n<li><span style=\"color: #000000\">Ser\u00e1 aprovado o aluno que apresentar freq\u00fc\u00eancia m\u00ednima igual ou superior a 75% das aulas e obtiver M\u00e9dia Final igual ou superior a 50.<\/span><\/li>\n<\/ul>\n<p><span style=\"color: #000000\"><strong>Nos casos amparados pelo artigo 106, Se\u00e7\u00e3o V,<\/strong>\u00a0<a class=\"reference external\" style=\"color: #000000\" href=\"http:\/\/www.ufpr.br\/soc\/descarregar_arquivo.php?cod=71\">Resolu\u00e7\u00e3o 37\/97-CEPE<\/a>, o aluno ter\u00e1 direito \u00e0\u00a0<strong>2\u00aa-chamada<\/strong> para a prova em que n\u00e3o compareceu, em data e local divulgados no Calend\u00e1rio de Provas:<\/span><\/p>\n<ul>\n<li><span style=\"color: #000000\">Para alunos que perderam as provas P1 e\/ou P2, cobrindo os pontos 1 a 6 do Programa:<\/span><br \/><strong><span style=\"color: #000000\">5\u00aa-feira, dia 05\/12, 07:30H, local a definir<\/span><\/strong><\/li>\n<li><span style=\"color: #000000\">Para alunos que perderam a prova P3, cobrindo todo o Programa:<\/span><br \/><strong><span style=\"color: #000000\">6\u00aa-feira, dia 06\/12, 09:30H, local a definir<\/span><\/strong><\/li>\n<\/ul>\n<p>\u00a0<\/p>\n","protected":false},"excerpt":{"rendered":"","protected":false},"author":11,"featured_media":0,"parent":59,"menu_order":0,"comment_status":"closed","ping_status":"closed","template":"","meta":{"footnotes":""},"class_list":["post-279","page","type-page","status-publish","hentry"],"_links":{"self":[{"href":"https:\/\/web.inf.ufpr.br\/lferrari\/wp-json\/wp\/v2\/pages\/279","targetHints":{"allow":["GET"]}}],"collection":[{"href":"https:\/\/web.inf.ufpr.br\/lferrari\/wp-json\/wp\/v2\/pages"}],"about":[{"href":"https:\/\/web.inf.ufpr.br\/lferrari\/wp-json\/wp\/v2\/types\/page"}],"author":[{"embeddable":true,"href":"https:\/\/web.inf.ufpr.br\/lferrari\/wp-json\/wp\/v2\/users\/11"}],"replies":[{"embeddable":true,"href":"https:\/\/web.inf.ufpr.br\/lferrari\/wp-json\/wp\/v2\/comments?post=279"}],"version-history":[{"count":8,"href":"https:\/\/web.inf.ufpr.br\/lferrari\/wp-json\/wp\/v2\/pages\/279\/revisions"}],"predecessor-version":[{"id":310,"href":"https:\/\/web.inf.ufpr.br\/lferrari\/wp-json\/wp\/v2\/pages\/279\/revisions\/310"}],"up":[{"embeddable":true,"href":"https:\/\/web.inf.ufpr.br\/lferrari\/wp-json\/wp\/v2\/pages\/59"}],"wp:attachment":[{"href":"https:\/\/web.inf.ufpr.br\/lferrari\/wp-json\/wp\/v2\/media?parent=279"}],"curies":[{"name":"wp","href":"https:\/\/api.w.org\/{rel}","templated":true}]}}