{"id":78,"date":"2017-06-01T08:29:05","date_gmt":"2017-06-01T11:29:05","guid":{"rendered":"http:\/\/web.inf.ufpr.br\/dinf\/?page_id=78"},"modified":"2026-02-26T12:00:45","modified_gmt":"2026-02-26T15:00:45","slug":"concursos","status":"publish","type":"page","link":"https:\/\/web.inf.ufpr.br\/dinf\/?page_id=78","title":{"rendered":"Concursos"},"content":{"rendered":"\t\t<div data-elementor-type=\"wp-page\" data-elementor-id=\"78\" class=\"elementor elementor-78\">\n\t\t\t\t\t\t<section class=\"elementor-section elementor-top-section elementor-element elementor-element-45c0c508 elementor-section-boxed elementor-section-height-default elementor-section-height-default\" data-id=\"45c0c508\" data-element_type=\"section\" data-e-type=\"section\">\n\t\t\t\t\t\t<div class=\"elementor-container elementor-column-gap-default\">\n\t\t\t\t\t<div class=\"elementor-column elementor-col-100 elementor-top-column elementor-element elementor-element-17d582f0\" data-id=\"17d582f0\" data-element_type=\"column\" data-e-type=\"column\">\n\t\t\t<div class=\"elementor-widget-wrap elementor-element-populated\">\n\t\t\t\t\t\t<div class=\"elementor-element elementor-element-c078739 elementor-widget elementor-widget-text-editor\" data-id=\"c078739\" data-element_type=\"widget\" data-e-type=\"widget\" data-widget_type=\"text-editor.default\">\n\t\t\t\t<div class=\"elementor-widget-container\">\n\t\t\t\t\t\t\t\t\t<h3>&nbsp;<\/h3>\n<h3 style=\"text-align: center\">CONCURSOS P\u00daBLICOS \/ PROCESSOS SELETIVOS<\/h3>\n<h3 style=\"text-align: center\">SERVIDOR DOCENTE<\/h3>\n<h4 style=\"text-align: left\">Publica\u00e7\u00f5es:<\/h4>\n<div>&nbsp;<\/div>\n<p><\/p>\n<table style=\"width: 622px\">\n<tbody>\n<tr>\n<td style=\"border-style: double;width: 621.333px\">\n<p><a href=\"http:\/\/web.inf.ufpr.br\/dinf\/wp-content\/uploads\/sites\/2\/2026\/01\/Edital_n__15_2026.pdf\" target=\"_blank\" rel=\"noopener\">Processo Seletivo para Professor Substituto \u2013 EDITAL PROGEPE 15\/2026<\/a><\/p>\n<ul>\n<li><a href=\"http:\/\/web.inf.ufpr.br\/dinf\/wp-content\/uploads\/sites\/2\/2026\/02\/SEI-23075.075283_2025-31-1.pdf\" target=\"_blank\">Cronograma para sorteio de pontos e realiza\u00e7\u00e3o da prova did\u00e1tica<\/a><\/li>\n<li><a href=\"http:\/\/web.inf.ufpr.br\/dinf\/wp-content\/uploads\/sites\/2\/2026\/02\/SEI_8419959_Informacao_87-1.pdf\" target=\"_blank\" rel=\"noopener\">Pontos e bibliografia<\/a><\/li>\n<li><a href=\"http:\/\/web.inf.ufpr.br\/dinf\/wp-content\/uploads\/sites\/2\/2026\/02\/SEI-23075.075283_2025-31-111.pdf\" target=\"_blank\" rel=\"noopener\">Deferimento das inscri\u00e7\u00f5es &#8211; 19\/02\/26<\/a><\/li>\n<li><a href=\"http:\/\/web.inf.ufpr.br\/dinf\/wp-content\/uploads\/sites\/2\/2026\/02\/SEI_8600137_Ad_Referendum_2.pdf\" target=\"_blank\" rel=\"noopener\">Composi\u00e7\u00e3o da banca de homologa\u00e7\u00e3o das inscri\u00e7\u00f5es&nbsp;e do Processo Seletivo<\/a><\/li>\n<li>Resolu\u00e7\u00f5es que regem os concursos da UFPR\n<ul>\n<li><a href=\"http:\/\/www.soc.ufpr.br\/portal\/wp-content\/uploads\/2016\/07\/Res-92-06-CEPE-contrata%C3%A7%C3%A3o-substituto-alterada-Res.-04-13-CEPE-Res.-27-19-CEPE-e-Res.-70-2020-CEPE.pdf\" target=\"_blank\" rel=\"noopener\">Resolu\u00e7\u00e3o n\u00ba 92\/06-CEPE: Estabelece as normas para contrata\u00e7\u00e3o de professor substituto na UFPR<\/a>;<\/li>\n<li><a href=\"http:\/\/www.soc.ufpr.br\/portal\/wp-content\/uploads\/2016\/12\/cepe-7016-relat%C3%B3rio-da-comiss%C3%A3o-e-proposta-nova-resolu%C3%A7%C3%A3o-apresentando-tabela-de-pontua%C3%A7%C3%A3o-revoga-Res.-10-05-CEPE-alterada-pela-Res-20.18.pdf\" target=\"_blank\" rel=\"noopener\">Resolu\u00e7\u00e3o n\u00ba 70\/16-CEPE: Fixa a tabela de pontua\u00e7\u00e3o para avalia\u00e7\u00e3o de curr\u00edculo<\/a>;<\/li>\n<li><a href=\"http:\/\/web.inf.ufpr.br\/dinf\/wp-content\/uploads\/sites\/2\/2026\/01\/Normativas_COTAS.pdf\" target=\"_blank\" rel=\"noopener\">Resolu\u00e7\u00e3o n\u00ba 19\/25-CEPE: Estabelece normas referente a cotas para contrata\u00e7a\u0303o de professor substituto na Universidade Federal do Parana\u0301<\/a>;<\/li>\n<\/ul>\n<\/li>\n<li>Data final das inscri\u00e7\u00f5es: 30\/01\/2026<\/li>\n<li><a href=\"http:\/\/web.inf.ufpr.br\/dinf\/wp-content\/uploads\/sites\/2\/2026\/01\/Edital_15_2026___Publicacao_DOU.pdf\" target=\"_blank\" rel=\"noopener\">Publica\u00e7\u00e3o do Edital no Di\u00e1rio Oficial da Uni\u00e3o (DOU)<\/a><\/li>\n<li>E\u2010mail de recebimento das inscri\u00e7\u00f5es: secretaria@inf.ufpr.br<\/li>\n<li><a href=\"https:\/\/progepe.ufpr.br\/a\/concursos\/docente\/concursos_publicos\/gr.html\" target=\"_blank\" rel=\"noopener\">Guia para recolhimento da taxa de inscri\u00e7\u00e3o<\/a><\/li>\n<li><a href=\"https:\/\/progepe.ufpr.br\/a\/concursos\/docente\/concursos_publicos\/requerto_substituto.pdf\" target=\"_blank\" rel=\"noopener\">Requerimento de inscri\u00e7\u00f5es<\/a><\/li>\n<li>D\u00favidas: secretaria@inf.ufpr.br<\/li>\n<\/ul>\n<\/td>\n<\/tr>\n<\/tbody>\n<\/table>\n<div>\n<table style=\"width: 622px\">\n<tbody>\n<tr>\n<td style=\"border-style: double;width: 621.333px\">\n<p><a href=\"http:\/\/web.inf.ufpr.br\/dinf\/wp-content\/uploads\/sites\/2\/2025\/07\/Edital_n__227_2025_PROGEPE.pdf\" target=\"_blank\" rel=\"noopener\">Processo Seletivo para Professor Substituto \u2013 EDITAL PROGEPE 227\/2025<\/a><\/p>\n<ul>\n<li>Resolu\u00e7\u00f5es que regem os concursos da UFPR\n<ul>\n<li><a href=\"http:\/\/www.soc.ufpr.br\/portal\/wp-content\/uploads\/2016\/07\/Res-92-06-CEPE-contrata%C3%A7%C3%A3o-substituto-alterada-Res.-04-13-CEPE-Res.-27-19-CEPE-e-Res.-70-2020-CEPE.pdf\" target=\"_blank\" rel=\"noopener\">Resolu\u00e7\u00e3o n\u00ba 92\/06-CEPE: Estabelece as normas para contrata\u00e7\u00e3o de professor substituto na UFPR<\/a>;<\/li>\n<li><a href=\"http:\/\/www.soc.ufpr.br\/portal\/wp-content\/uploads\/2016\/12\/cepe-7016-relat%C3%B3rio-da-comiss%C3%A3o-e-proposta-nova-resolu%C3%A7%C3%A3o-apresentando-tabela-de-pontua%C3%A7%C3%A3o-revoga-Res.-10-05-CEPE-alterada-pela-Res-20.18.pdf\" target=\"_blank\" rel=\"noopener\">Resolu\u00e7\u00e3o n\u00ba 70\/16-CEPE: Fixa a tabela de pontua\u00e7\u00e3o para avalia\u00e7\u00e3o de curr\u00edculo<\/a>;<\/li>\n<\/ul>\n<\/li>\n<li>Data final das inscri\u00e7\u00f5es: 24\/07\/2025<\/li>\n<li>E\u2010mail de recebimento das inscri\u00e7\u00f5es: secretaria@inf.ufpr.br<\/li>\n<li><a href=\"https:\/\/progepe.ufpr.br\/a\/concursos\/docente\/concursos_publicos\/gr.html\" target=\"_blank\" rel=\"noopener\">Guia para recolhimento da taxa de inscri\u00e7\u00e3o<\/a><\/li>\n<li><a href=\"https:\/\/progepe.ufpr.br\/a\/concursos\/docente\/concursos_publicos\/requerto_substituto.pdf\" target=\"_blank\" rel=\"noopener\">Requerimento de inscri\u00e7\u00f5es<\/a><\/li>\n<li>D\u00favidas: secretaria@inf.ufpr.br<\/li>\n<\/ul>\n<\/td>\n<\/tr>\n<\/tbody>\n<\/table>\n<\/div>\n<table style=\"background-color: #ffffff;width: 622px\">\n<tbody>\n<tr>\n<td style=\"border-style: double;width: 621.333px\">\n<p><a href=\"http:\/\/web.inf.ufpr.br\/dinf\/wp-content\/uploads\/sites\/2\/2025\/05\/ED_152_25_PROGEPE.pdf\">Concurso P\u00fablico Assistente I Edital PROGEPE N\u00ba&nbsp;152\/25&nbsp;&#8211; \u00c1rea de Conhecimento: Algoritmos e Estruturas de Dados<\/a><\/p>\n<ul>\n<li><a href=\"http:\/\/web.inf.ufpr.br\/dinf\/wp-content\/uploads\/sites\/2\/2025\/07\/SEI_7926986_Edital_10_25_ET_DIR.pdf\" target=\"_blank\" rel=\"noopener\">Composi\u00e7\u00e3o da banca examinadora<\/a>:&nbsp;publicado em 08\/07\/25<\/li>\n<li><a href=\"http:\/\/web.inf.ufpr.br\/dinf\/wp-content\/uploads\/sites\/2\/2025\/07\/SEI-23075.030223_2025-90.pdf\" target=\"_blank\" rel=\"noopener\">Datas das provas<\/a><\/li>\n<li><a href=\"http:\/\/web.inf.ufpr.br\/dinf\/wp-content\/uploads\/sites\/2\/2025\/06\/SEI_7880962_Oficio_55.pdf\">Homologa\u00e7\u00e3o das inscri\u00e7\u00f5es: publicado em 20\/06\/2025 \u00e0s 08h30<\/a><\/li>\n<li><a href=\"http:\/\/web.inf.ufpr.br\/dinf\/wp-content\/uploads\/sites\/2\/2025\/06\/SEI_7880938_Oficio_54.pdf\" target=\"_blank\" rel=\"noopener\">Lista de inscritos no concurso<\/a><\/li>\n<li><a href=\"http:\/\/web.inf.ufpr.br\/dinf\/wp-content\/uploads\/sites\/2\/2025\/06\/SEI_7863229_Portaria_26_25___ET_DIR.pdf\" target=\"_blank\" rel=\"noopener\">Designa\u00e7\u00e3o de comiss\u00e3o de an\u00e1lise das inscri\u00e7\u00f5es<\/a><\/li>\n<li><a href=\"http:\/\/web.inf.ufpr.br\/dinf\/wp-content\/uploads\/sites\/2\/2025\/05\/SEI_UFPR-7774482-Oficio.pdf\" target=\"_blank\" rel=\"noopener\">Pontos e bibliografia<\/a><\/li>\n<li>Resolu\u00e7\u00f5es que regem os concursos da UFPR\n<ul>\n<li><a href=\"http:\/\/www.soc.ufpr.br\/portal\/wp-content\/uploads\/2016\/12\/cepe66A16.pdf\">Resolu\u00e7\u00e3o n\u00ba 66A\/16-CEPE<\/a>: Estabelece as normas de concurso p\u00fablico;<\/li>\n<li><a href=\"http:\/\/www.soc.ufpr.br\/portal\/wp-content\/uploads\/2016\/12\/cepe-7016-relat%C3%B3rio-da-comiss%C3%A3o-e-proposta-nova-resolu%C3%A7%C3%A3o-apresentando-tabela-de-pontua%C3%A7%C3%A3o-revoga-Res.-10-05-CEPE-alterada-pela-Res-20.18.pdf\">Resolu\u00e7\u00e3o n\u00ba 70\/16-CEPE<\/a>: Complementa a resolu\u00e7\u00e3o 66A\/16 fixando a tabela de pontua\u00e7\u00e3o para avalia\u00e7\u00e3o de curr\u00edculo;<\/li>\n<\/ul>\n<\/li>\n<li>As inscri\u00e7\u00f5es ocorrer\u00e3o no per\u00edodo de&nbsp;<a href=\"http:\/\/www.progepe.ufpr.br\/progepe\/concursos\/docente\/concursos_publicos\/editais\/edital301-22.pdf\">1<\/a>2\/05\/2025 a 10\/06\/2025<\/li>\n<li>Valor da taxa de inscri\u00e7\u00e3o: R$ 240,00<\/li>\n<li>E\u2010mail de recebimento das inscri\u00e7\u00f5es (com toda a documenta\u00e7\u00e3o em formato PDF): concurso@inf.ufpr.br<\/li>\n<li>D\u00favidas: concurso@inf.ufpr.br<\/li>\n<\/ul>\n<\/td>\n<\/tr>\n<\/tbody>\n<\/table>\n<div>&nbsp;<\/div>\n<table style=\"width: 622px\">\n<tbody>\n<tr>\n<td style=\"border-style: double;width: 621.333px\">\n<p><a href=\"http:\/\/web.inf.ufpr.br\/dinf\/wp-content\/uploads\/sites\/2\/2025\/02\/edital039-25-1.pdf\" target=\"_blank\" rel=\"noopener\">Processo Seletivo para Professor Substituto \u2013 EDITAL PROGEPE 39\/2025<\/a><\/p>\n<ul>\n<li><a href=\"http:\/\/web.inf.ufpr.br\/dinf\/wp-content\/uploads\/sites\/2\/2025\/02\/04-ResultadoFinal_40h.pdf\">Ata de realiza\u00e7\u00e3o de provas did\u00e1ticas e parecer final (Regime 40h)<\/a><\/li>\n<li><a href=\"http:\/\/web.inf.ufpr.br\/dinf\/wp-content\/uploads\/sites\/2\/2025\/02\/04-ResultadoFinal_20h.pdf\" target=\"_blank\" rel=\"noopener\">Ata de realiza\u00e7\u00e3o de provas did\u00e1ticas e parecer final (Regime 20h)<\/a><\/li>\n<li><a href=\"http:\/\/web.inf.ufpr.br\/dinf\/wp-content\/uploads\/sites\/2\/2025\/02\/03-SorteioPontos_40h.pdf\" target=\"_blank\" rel=\"noopener\">Sorteio de pontos e hor\u00e1rios para a prova did\u00e1tica (regime 40h)<\/a><\/li>\n<li><a href=\"http:\/\/web.inf.ufpr.br\/dinf\/wp-content\/uploads\/sites\/2\/2025\/02\/03-SorteioPontos_20h.pdf\" target=\"_blank\" rel=\"noopener\">Sorteio de pontos e hor\u00e1rios para a prova did\u00e1tica (regime 20h)<\/a><\/li>\n<li><a href=\"http:\/\/web.inf.ufpr.br\/dinf\/wp-content\/uploads\/sites\/2\/2025\/02\/02-AnaliseCurriculo_40h.pdf\">An\u00e1lise de curr\u00edculos (regime 40h)<\/a><\/li>\n<li><a href=\"http:\/\/web.inf.ufpr.br\/dinf\/wp-content\/uploads\/sites\/2\/2025\/02\/02-AnaliseCurriculo_20h.pdf\">An\u00e1lise de curr\u00edculos (regime 20h)<\/a><\/li>\n<li><a href=\"http:\/\/web.inf.ufpr.br\/dinf\/wp-content\/uploads\/sites\/2\/2025\/02\/01-HomologacaoInscricoes.pdf\" target=\"_blank\" rel=\"noopener\">Homologa\u00e7\u00e3o das inscri\u00e7\u00f5es<\/a><\/li>\n<li><a href=\"http:\/\/web.inf.ufpr.br\/dinf\/wp-content\/uploads\/sites\/2\/2025\/02\/SEI_7510233_Despacho_44.pdf\" target=\"_blank\" rel=\"noopener\">Composi\u00e7\u00e3o da banca examinadora<\/a><\/li>\n<li><a href=\"http:\/\/web.inf.ufpr.br\/dinf\/wp-content\/uploads\/sites\/2\/2025\/02\/00-Programa_Bibliografia.pdf\" target=\"_blank\" rel=\"noopener\">Programa e bibliografia<\/a><\/li>\n<li>Resolu\u00e7\u00f5es que regem os concursos da UFPR\n<ul>\n<li><a href=\"http:\/\/www.soc.ufpr.br\/portal\/wp-content\/uploads\/2016\/07\/Res-92-06-CEPE-contrata%C3%A7%C3%A3o-substituto-alterada-Res.-04-13-CEPE-Res.-27-19-CEPE-e-Res.-70-2020-CEPE.pdf\" target=\"_blank\" rel=\"noopener\">Resolu\u00e7\u00e3o n\u00ba 92\/06-CEPE: Estabelece as normas para contrata\u00e7\u00e3o de professor substituto na UFPR<\/a>;<\/li>\n<li><a href=\"http:\/\/www.soc.ufpr.br\/portal\/wp-content\/uploads\/2016\/12\/cepe-7016-relat%C3%B3rio-da-comiss%C3%A3o-e-proposta-nova-resolu%C3%A7%C3%A3o-apresentando-tabela-de-pontua%C3%A7%C3%A3o-revoga-Res.-10-05-CEPE-alterada-pela-Res-20.18.pdf\" target=\"_blank\" rel=\"noopener\">Resolu\u00e7\u00e3o n\u00ba 70\/16-CEPE: Fixa a tabela de pontua\u00e7\u00e3o para avalia\u00e7\u00e3o de curr\u00edculo<\/a>;<\/li>\n<\/ul>\n<\/li>\n<li>Data final das inscri\u00e7\u00f5es: 21\/02\/2025, \u00e0s 16h<\/li>\n<li>E\u2010mail de recebimento das inscri\u00e7\u00f5es: secretaria@inf.ufpr.br<\/li>\n<li><a href=\"https:\/\/progepe.ufpr.br\/a\/concursos\/docente\/concursos_publicos\/gr.html\" target=\"_blank\" rel=\"noopener\">Guia para recolhimento da taxa de inscri\u00e7\u00e3o<\/a><\/li>\n<li><a href=\"https:\/\/progepe.ufpr.br\/a\/concursos\/docente\/concursos_publicos\/inscricao.html\" target=\"_blank\" rel=\"noopener\">Requerimento de inscri\u00e7\u00f5es<\/a><\/li>\n<li>D\u00favidas: secretaria@inf.ufpr.br<\/li>\n<\/ul>\n<\/td>\n<\/tr>\n<\/tbody>\n<\/table>\n<div>&nbsp;<\/div>\n<table style=\"width: 622px\">\n<tbody>\n<tr>\n<td style=\"border-style: double;width: 621.333px\">\n<p><a href=\"http:\/\/www.progepe.ufpr.br\/progepe\/concursos\/docente\/concursos_publicos\/editais\/edital301-22.pdf\">C<\/a><a style=\"font-family: var( --e-global-typography-text-font-family ), Sans-serif;font-weight: var( --e-global-typography-text-font-weight )\" href=\"http:\/\/web.inf.ufpr.br\/dinf\/wp-content\/uploads\/sites\/2\/2024\/07\/Edital.pdf\" target=\"_blank\" rel=\"noopener\">oncurso P\u00fablico Adjunto A \u2013 Dedica\u00e7\u00e3o Exclusiva Edital PROGEPE N\u00ba&nbsp;187\/24<\/a><\/p>\n<ul>\n<li><a href=\"http:\/\/web.inf.ufpr.br\/dinf\/wp-content\/uploads\/sites\/2\/2024\/11\/50-Ata-Emissao-Parecer-Conclusivo.pdf\">Ata de encerramento<\/a><\/li>\n<li><a href=\"http:\/\/web.inf.ufpr.br\/dinf\/wp-content\/uploads\/sites\/2\/2024\/11\/doc00539920241122105705.pdf\" target=\"_blank\" rel=\"noopener\">Edital &#8211; avalia\u00e7\u00e3o prova did\u00e1tica<\/a><\/li>\n<li><a href=\"http:\/\/web.inf.ufpr.br\/dinf\/wp-content\/uploads\/sites\/2\/2024\/11\/edital-191124.pdf\" target=\"_blank\" rel=\"noopener\">Edital &#8211; rela\u00e7\u00e3o de aprovados na prova escrita; cronograma de sorteio dos pontos da prova did\u00e1tica; lista de pontos da prova did\u00e1tica; altera\u00e7\u00e3o do cronograma do concurso<\/a><\/li>\n<li><strong><span style=\"color: #800000\"><a style=\"color: #800000\" href=\"http:\/\/web.inf.ufpr.br\/dinf\/wp-content\/uploads\/sites\/2\/2024\/11\/SEI_7266970_Despacho_392.pdf\" target=\"_blank\" rel=\"noopener\">Autoriza\u00e7\u00e3o de acesso ao campus no dia 20\/11\/24<\/a><\/span><\/strong><\/li>\n<li>Local de realiza\u00e7\u00e3o das provas: Audit\u00f3rio Alexandre Ibrahim &#8211; Departamento de Inform\u00e1tica &#8211; Centro Polit\u00e9cnico UFPR (R. Evaristo F. Ferreira da Costa, 383-391 &#8211; Jardim das Am\u00e9ricas, Curitiba &#8211; PR, 81530-090&nbsp;&#8211; <a href=\"https:\/\/maps.app.goo.gl\/ghAfTz1gMLrG5txk6\">link do google maps<\/a>)<\/li>\n<li><a href=\"http:\/\/web.inf.ufpr.br\/dinf\/wp-content\/uploads\/sites\/2\/2024\/10\/Edital_7145310_SEI_7142762_Edital_08_24.pdf\" target=\"_blank\" rel=\"noopener\">Composi\u00e7\u00e3o da banca examinadora: as provas ser\u00e3o aplicadas de 19 a 22 de novembro de 2024, com in\u00edcio \u00e0s 07h30, no Departamento de Inform\u00e1tica da UFPR.<\/a><\/li>\n<li><a href=\"http:\/\/web.inf.ufpr.br\/dinf\/wp-content\/uploads\/sites\/2\/2024\/09\/Webmail-DINF-__-Edital_7046214.html_.pdf\" target=\"_blank\" rel=\"noopener\">An\u00e1lise das inscri\u00e7\u00f5es: publicado em 16\/09\/2024 \u00e0s 13:00<\/a><\/li>\n<li>Resolu\u00e7\u00f5es que regem os concursos da UFPR\n<ul>\n<li><a href=\"http:\/\/www.soc.ufpr.br\/portal\/wp-content\/uploads\/2016\/12\/cepe66A16.pdf\">Resolu\u00e7\u00e3o n\u00ba 66A\/16-CEPE<\/a>: Estabelece as normas de concurso p\u00fablico;<\/li>\n<li><a href=\"http:\/\/www.soc.ufpr.br\/portal\/wp-content\/uploads\/2016\/12\/cepe-7016-relat%C3%B3rio-da-comiss%C3%A3o-e-proposta-nova-resolu%C3%A7%C3%A3o-apresentando-tabela-de-pontua%C3%A7%C3%A3o-revoga-Res.-10-05-CEPE-alterada-pela-Res-20.18.pdf\">Resolu\u00e7\u00e3o n\u00ba 70\/16-CEPE<\/a>: Complementa a resolu\u00e7\u00e3o 66A\/16 fixando a tabela de pontua\u00e7\u00e3o para avalia\u00e7\u00e3o de curr\u00edculo;<\/li>\n<\/ul>\n<\/li>\n<li><a href=\"http:\/\/web.inf.ufpr.br\/dinf\/wp-content\/uploads\/sites\/2\/2024\/08\/SEI_6899885_Informacao_31.pdf\" target=\"_blank\" rel=\"noopener\">Programa e bibliografia do concurso<\/a><\/li>\n<li>As inscri\u00e7\u00f5es ocorrer\u00e3o no per\u00edodo de&nbsp;<a href=\"http:\/\/www.progepe.ufpr.br\/progepe\/concursos\/docente\/concursos_publicos\/editais\/edital301-22.pdf\">1<\/a>2\/08\/2024 a 10\/09\/2024<\/li>\n<li>E\u2010mail de recebimento das inscri\u00e7\u00f5es: concurso@inf.ufpr.br<\/li>\n<li>D\u00favidas: concurso@inf.ufpr.br<\/li>\n<\/ul>\n<\/td>\n<\/tr>\n<\/tbody>\n<\/table>\n<table style=\"background-color: #ffffff;width: 622px\">\n<tbody>\n<tr>\n<td style=\"border-style: double;border-color: #000000;width: 621.333px\">\n<p><a href=\"https:\/\/progepe.ufpr.br\/a\/concursos\/docente\/concursos_publicos\/editais\/edital189-24.pdf\" target=\"_blank\" rel=\"noopener\">Processo Seletivo para Professor Substituto \u2013 EDITAL PROGEPE 189\/2024<\/a><\/p>\n<ul>\n<li><a href=\"http:\/\/web.inf.ufpr.br\/dinf\/wp-content\/uploads\/sites\/2\/2024\/07\/SEI_6841324_Aviso_2.pdf\">Errata ata de realiza\u00e7\u00e3o de provas did\u00e1ticas<\/a><\/li>\n<li><a href=\"http:\/\/web.inf.ufpr.br\/dinf\/wp-content\/uploads\/sites\/2\/2024\/07\/SEI_6839398_Ata_de_Reuniao.pdf\">Ata de realiza\u00e7\u00e3o de provas did\u00e1ticas e parecer final<\/a><\/li>\n<li><a href=\"http:\/\/web.inf.ufpr.br\/dinf\/wp-content\/uploads\/sites\/2\/2024\/07\/Sorteio-de-pontos.pdf\" target=\"_blank\" rel=\"noopener\">Sorteio de pontos e hor\u00e1rios para a prova did\u00e1tica<\/a><\/li>\n<li><a href=\"http:\/\/web.inf.ufpr.br\/dinf\/wp-content\/uploads\/sites\/2\/2024\/07\/Analise-de-curriculo.pdf\" target=\"_blank\" rel=\"noopener\">An\u00e1lise de curr\u00edculos<\/a><\/li>\n<li><a href=\"http:\/\/web.inf.ufpr.br\/dinf\/wp-content\/uploads\/sites\/2\/2024\/07\/Recurso.pdf\" target=\"_blank\" rel=\"noopener\">An\u00e1lise de recurso de inscri\u00e7\u00e3o indeferida<\/a><\/li>\n<li><a href=\"http:\/\/web.inf.ufpr.br\/dinf\/wp-content\/uploads\/sites\/2\/2024\/07\/Homologacao-das-inscricoes.pdf\" target=\"_blank\" rel=\"noopener\">Homologa\u00e7\u00e3o das inscri\u00e7\u00f5es<\/a><\/li>\n<li>Resolu\u00e7\u00f5es que regem os concursos da UFPR\n<ul>\n<li><a href=\"http:\/\/www.soc.ufpr.br\/portal\/wp-content\/uploads\/2016\/07\/Res-92-06-CEPE-contrata%C3%A7%C3%A3o-substituto-alterada-Res.-04-13-CEPE-Res.-27-19-CEPE-e-Res.-70-2020-CEPE.pdf\" target=\"_blank\" rel=\"noopener\">Resolu\u00e7\u00e3o n\u00ba 92\/06-CEPE: Estabelece as normas para contrata\u00e7\u00e3o de professor substituto na UFPR<\/a>;<\/li>\n<li><a href=\"http:\/\/www.soc.ufpr.br\/portal\/wp-content\/uploads\/2016\/12\/cepe-7016-relat%C3%B3rio-da-comiss%C3%A3o-e-proposta-nova-resolu%C3%A7%C3%A3o-apresentando-tabela-de-pontua%C3%A7%C3%A3o-revoga-Res.-10-05-CEPE-alterada-pela-Res-20.18.pdf\" target=\"_blank\" rel=\"noopener\">Resolu\u00e7\u00e3o n\u00ba 70\/16-CEPE: Fixa a tabela de pontua\u00e7\u00e3o para avalia\u00e7\u00e3o de curr\u00edculo<\/a>;<\/li>\n<\/ul>\n<\/li>\n<li>Data final das inscri\u00e7\u00f5es: 05\/07\/2024, \u00e0s 16h<\/li>\n<li>E\u2010mail de recebimento das inscri\u00e7\u00f5es: secretaria@inf.ufpr.br<\/li>\n<li><a href=\"https:\/\/progepe.ufpr.br\/a\/concursos\/docente\/concursos_publicos\/gr.html\" target=\"_blank\" rel=\"noopener\">Guia para recolhimento da taxa de inscri\u00e7\u00e3o<\/a><\/li>\n<li><a href=\"https:\/\/progepe.ufpr.br\/a\/concursos\/docente\/concursos_publicos\/requerto_substituto.pdf\" target=\"_blank\" rel=\"noopener\">Requerimento de inscri\u00e7\u00f5es<\/a><\/li>\n<li>D\u00favidas: secretaria@inf.ufpr.br<\/li>\n<\/ul>\n<\/td>\n<\/tr>\n<\/tbody>\n<\/table>\n<div>&nbsp;<\/div>\n<table style=\"background-color: #ffffff;width: 622px\">\n<tbody>\n<tr>\n<td style=\"border-style: double;border-color: #000000;width: 621.333px\">\n<p><a href=\"http:\/\/web.inf.ufpr.br\/dinf\/wp-content\/uploads\/sites\/2\/2023\/11\/Edital-350-23.pdf\" target=\"_blank\" rel=\"noopener\">Processo Seletivo para Professor Substituto &#8211; EDITAL PROGEPE 350\/2023<\/a><\/p>\n<ul>\n<li><a href=\"http:\/\/web.inf.ufpr.br\/dinf\/wp-content\/uploads\/sites\/2\/2023\/11\/Webmail-DINF-__-Ata_de_Reuniao_6187970.html_.pdf\" target=\"_blank\" rel=\"noopener\">Homologa\u00e7\u00e3o de inscri\u00e7\u00f5es<\/a>: 20\/11\/2023<\/li>\n<li>Resolu\u00e7\u00f5es que regem os concursos da UFPR\n<ul>\n<li><a href=\"http:\/\/www.soc.ufpr.br\/portal\/wp-content\/uploads\/2016\/07\/Res-92-06-CEPE-contrata%C3%A7%C3%A3o-substituto-alterada-Res.-04-13-CEPE-Res.-27-19-CEPE-e-Res.-70-2020-CEPE.pdf\" target=\"_blank\" rel=\"noopener\">Resolu\u00e7\u00e3o n\u00ba 92\/06-CEPE: Estabelece as normas para contrata\u00e7\u00e3o de professor substituto na UFPR<\/a>;<\/li>\n<li><a href=\"http:\/\/www.soc.ufpr.br\/portal\/wp-content\/uploads\/2016\/12\/cepe-7016-relat%C3%B3rio-da-comiss%C3%A3o-e-proposta-nova-resolu%C3%A7%C3%A3o-apresentando-tabela-de-pontua%C3%A7%C3%A3o-revoga-Res.-10-05-CEPE-alterada-pela-Res-20.18.pdf\" target=\"_blank\" rel=\"noopener\">Resolu\u00e7\u00e3o n\u00ba 70\/16-CEPE: Fixa a tabela de pontua\u00e7\u00e3o para avalia\u00e7\u00e3o de curr\u00edculo<\/a>;<\/li>\n<\/ul>\n<\/li>\n<li>D\u00favidas: secretaria@inf.ufpr.br<\/li>\n<\/ul>\n<\/td>\n<\/tr>\n<\/tbody>\n<\/table>\n<table style=\"width: 622px\">\n<tbody>\n<tr>\n<td style=\"border-style: double;border-color: #000000;width: 621.333px\">\n<p><a href=\"http:\/\/www.progepe.ufpr.br\/progepe\/concursos\/docente\/concursos_publicos\/editais\/edital301-22.pdf\">Concurso P\u00fablico Adjunto A &#8211; Dedica\u00e7\u00e3o Exclusiva Edital PROGEPE N\u00ba 301\/22<\/a><\/p>\n<ul>\n<li><a href=\"http:\/\/web.inf.ufpr.br\/dinf\/wp-content\/uploads\/sites\/2\/2023\/02\/Edital_05_23.pdf\" target=\"_blank\" rel=\"noopener\">Substitui\u00e7\u00e3o de membro da comiss\u00e3o julgadora<\/a><\/li>\n<li><a href=\"http:\/\/web.inf.ufpr.br\/dinf\/wp-content\/uploads\/sites\/2\/2023\/01\/Edital_04_23_ET_DIR.pdf\">Composi\u00e7\u00e3o da banca examinadora e data de realiza\u00e7\u00e3o do concurso<\/a><\/li>\n<li><a href=\"http:\/\/web.inf.ufpr.br\/dinf\/wp-content\/uploads\/sites\/2\/2023\/01\/INSCRICOES-DEF.INDEF_.pdf\" target=\"_blank\" rel=\"noopener\">Deferimento de inscri\u00e7\u00f5es<\/a><\/li>\n<li><a href=\"http:\/\/web.inf.ufpr.br\/dinf\/wp-content\/uploads\/sites\/2\/2023\/01\/Edital_DeferimentoPedidosIsencao.pdf\" target=\"_blank\" rel=\"noopener\">Edital 1 &#8211; Deferimento de pedidos de isen\u00e7\u00e3o<\/a><\/li>\n<li><a href=\"http:\/\/www.inf.ufpr.br\/arquivos\/dinf\/Arquivos\/2022-12-Portaria_44_2022_ET_DIR.pdf\">Portaria N\u00ba 44\/2022 ET\/DIR que nomeia a comiss\u00e3o de an\u00e1lise de inscri\u00e7\u00f5es do concurso<\/a><\/li>\n<li><a href=\"http:\/\/www.inf.ufpr.br\/arquivos\/dinf\/Arquivos\/2022-12-Edital_315_22_PROGEPE.pdf\">Edital PROGEPE N\u00ba 315\/22 que altera o per\u00edodo de inscri\u00e7\u00f5es do concurso<\/a>&nbsp;<\/li>\n<li><a href=\"http:\/\/www.inf.ufpr.br\/arquivos\/dinf\/Arquivos\/2022-11-Programa_Concurso_301_2022.pdf\">Complemento e Programa do Edital PROGEPE N\u00ba 301\/22<\/a><\/li>\n<li><a href=\"http:\/\/www.inf.ufpr.br\/arquivos\/dinf\/Arquivos\/2022-11-instrucoesCandidatos.pdf\">Instru\u00e7\u00f5es importantes para os candidatos<\/a><\/li>\n<li>Resolu\u00e7\u00f5es que regem os concursos da UFPR\n<ul>\n<li><a href=\"http:\/\/www.soc.ufpr.br\/portal\/wp-content\/uploads\/2016\/12\/cepe66A16.pdf\">Resolu\u00e7\u00e3o n\u00ba 66A\/16-CEPE<\/a>: Estabelece as normas de concurso p\u00fablico;<\/li>\n<li><a href=\"http:\/\/www.soc.ufpr.br\/portal\/wp-content\/uploads\/2016\/12\/cepe-7016-relat%C3%B3rio-da-comiss%C3%A3o-e-proposta-nova-resolu%C3%A7%C3%A3o-apresentando-tabela-de-pontua%C3%A7%C3%A3o-revoga-Res.-10-05-CEPE-alterada-pela-Res-20.18.pdf\">Resolu\u00e7\u00e3o n\u00ba 70\/16-CEPE<\/a>: Complementa a resolu\u00e7\u00e3o 66A\/16 fixando a tabela de pontua\u00e7\u00e3o para avalia\u00e7\u00e3o de curr\u00edculo;<\/li>\n<\/ul>\n<\/li>\n<li>&nbsp;As inscri\u00e7\u00f5es ocorrer\u00e3o no per\u00edodo de <a href=\"http:\/\/www.progepe.ufpr.br\/progepe\/concursos\/docente\/concursos_publicos\/editais\/edital301-22.pdf\">15\/12\/2022 a 13\/01\/2022<\/a><\/li>\n<li><a href=\"http:\/\/web.inf.ufpr.br\/dinf\/wp-content\/uploads\/sites\/2\/2023\/01\/Analise_inscricoes_edital_301_22.pdf\" target=\"_blank\" rel=\"noopener\">An\u00e1lise da Homologa\u00e7\u00e3o das inscri\u00e7\u00f5es<\/a><\/li>\n<li><a href=\"http:\/\/web.inf.ufpr.br\/dinf\/wp-content\/uploads\/sites\/2\/2023\/01\/Recursos.pdf\" target=\"_blank\" rel=\"noopener\">Instru\u00e7\u00f5es para recurso da an\u00e1lise da homologa\u00e7\u00e3o das inscri\u00e7\u00f5es<\/a><\/li>\n<li>E\u2010mail de recebimento das inscri\u00e7\u00f5es: concurso@inf.ufpr.br<\/li>\n<li>D\u00favidas: concurso@inf.ufpr.br<\/li>\n<\/ul>\n<\/td>\n<\/tr>\n<tr>\n<td style=\"border-style: double;border-color: #000000;width: 621.333px\">\n<p><a href=\"http:\/\/www.progepe.ufpr.br\/progepe\/concursos\/docente\/concursos_publicos\/editais\/edital130-22.pdf\">Processo Seletivo para Professor Substituto &#8211;&nbsp; Edital PROGEPE N\u00ba 130\/22<\/a><\/p>\n<ul>\n<li><a href=\"http:\/\/web.inf.ufpr.br\/dinf\/wp-content\/uploads\/sites\/2\/2022\/05\/ATA-DE-REALIZACAO-DE-PROVAS-DIDATICAS-E-PARECER-FINAL.pdf\" target=\"_blank\" rel=\"noopener\">Ata de Realiza\u00e7\u00e3o de Provas Did\u00e1ticas e Parecer Final &#8211; 26\/05\/2022<\/a><\/li>\n<li><a href=\"http:\/\/web.inf.ufpr.br\/dinf\/wp-content\/uploads\/sites\/2\/2022\/05\/ATA-DE-SORTEIO-DE-PONTOS.pdf\" target=\"_blank\" rel=\"noopener\">Ata de Sorteio de Pontos e Hor\u00e1rios Para Prova Did\u00e1tica &#8211; 25\/05\/2022<\/a><\/li>\n<li><a href=\"http:\/\/web.inf.ufpr.br\/dinf\/wp-content\/uploads\/sites\/2\/2022\/05\/Ata-de-analise-de-curriculo.pdf\" target=\"_blank\" rel=\"noopener\">Ata de An\u00e1lise de Curr\u00edculo &#8211; 24\/05\/2022<\/a><\/li>\n<li><a href=\"http:\/\/web.inf.ufpr.br\/dinf\/wp-content\/uploads\/sites\/2\/2022\/05\/Ata-de-Reuniao-Deferimento-Inscricoes.pdf\" target=\"_blank\" rel=\"noopener\">Deferimento das Inscri\u00e7\u00f5es 23\/05\/2022<\/a><\/li>\n<li><a href=\"http:\/\/web.inf.ufpr.br\/dinf\/wp-content\/uploads\/sites\/2\/2022\/05\/00-Programa_Bibliografia.pdf\" target=\"_blank\" rel=\"noopener\">Programa e Bibliografia do Teste Seletivo<\/a><\/li>\n<li><a href=\"http:\/\/www.progepe.ufpr.br\/progepe\/concursos\/docente\/concursos_publicos\/editais\/edital130-22.pdf\" target=\"_blank\" rel=\"noopener\">Edital de abertura PROGEPE n\u00b0 130\/2022<\/a><\/li>\n<li>As inscri\u00e7\u00f5es ocorrer\u00e3o no per\u00edodo de 16 a 20 de maio de 2022<\/li>\n<li>&nbsp;Local das inscri\u00e7\u00f5es: secretaria do Departamento de Inform\u00e1tica, localizado na Rua Cel. Francisco Her\u00e1clito dos Santos, 100 &#8211; Centro Polit\u00e9cnico, Jardim das Am\u00e9ricas, CEP 81531-980, Curitiba, Paran\u00e1, das 08:00h \u00e0s 18:00h<\/li>\n<li>&nbsp;D\u00favidas: chefia@inf.ufpr.br<\/li>\n<li>Resolu\u00e7\u00f5es que regem os concursos da UFPR\n<ul>\n<li><a href=\"http:\/\/www.soc.ufpr.br\/portal\/wp-content\/uploads\/2016\/07\/Res-92-06-CEPE-contrata\u00e7\u00e3o-substituto-alterada-Res.-04-13-CEPE-Res.-27-19-CEPE-e-Res.-70-2020-CEPE.pdf\" target=\"_blank\" rel=\"noopener\">Resolu\u00e7\u00e3o n\u00ba 92\/06-CEPE: Estabelece as normas para contrata\u00e7\u00e3o de professor substituto na UFPR<\/a>;<\/li>\n<li><a href=\"http:\/\/www.soc.ufpr.br\/portal\/wp-content\/uploads\/2016\/12\/cepe-7016-relat%C3%B3rio-da-comiss%C3%A3o-e-proposta-nova-resolu%C3%A7%C3%A3o-apresentando-tabela-de-pontua%C3%A7%C3%A3o-revoga-Res.-10-05-CEPE-alterada-pela-Res-20.18.pdf\" target=\"_blank\" rel=\"noopener\">Resolu\u00e7\u00e3o n\u00ba 70\/16-CEPE: Fixa a tabela de pontua\u00e7\u00e3o para avalia\u00e7\u00e3o de curr\u00edculo<\/a>;<\/li>\n<\/ul>\n<\/li>\n<\/ul>\n<\/td>\n<\/tr>\n<tr>\n<td style=\"border-style: double;border-color: #000000;width: 621.333px\">\n<p><a href=\"http:\/\/www.progepe.ufpr.br\/progepe\/concursos\/docente\/concursos_publicos\/editais\/edital113-20.pdf\">Concurso P\u00fablico Adjunto A &#8211; Dedica\u00e7\u00e3o Exclusiva Edital PROGEPE N\u00ba 113\/20<\/a><\/p>\n<ul>\n<li><a href=\"http:\/\/web.inf.ufpr.br\/dinf\/wp-content\/uploads\/sites\/2\/2021\/11\/ata-20211126-reconsideracoes-prova-didatica.pdf\">Ata de Pedido de Reconsidera\u00e7\u00e3o da Prova Did\u00e1tica, 26\/11\/2021 \u2013 11:40<\/a><\/li>\n<li><a href=\"http:\/\/web.inf.ufpr.br\/dinf\/wp-content\/uploads\/sites\/2\/2021\/11\/pedido_reconsideracao_Any.pdf\">Pedido de reconsidera\u00e7\u00e3o da candidata <span dir=\"ltr\" role=\"presentation\">Any Caroliny Duarte Batista de Almeida<\/span>, 26\/11\/2021 \u2013 10:37<\/a><\/li>\n<li><a href=\"http:\/\/web.inf.ufpr.br\/dinf\/wp-content\/uploads\/sites\/2\/2021\/11\/ata-20211125-encerramento.pdf\">Ata de Encerramento &#8211; 25\/11\/2021 &#8211; 17:00<\/a><\/li>\n<li><a href=\"http:\/\/web.inf.ufpr.br\/dinf\/wp-content\/uploads\/sites\/2\/2021\/11\/Concurso_DINF_113_20___PlanilhaPontuacao.pdf\">Planilha de Notas &#8211; 25\/11\/2021 &#8211; 17:00<\/a><\/li>\n<li><a href=\"http:\/\/web.inf.ufpr.br\/dinf\/wp-content\/uploads\/sites\/2\/2021\/11\/ata-20211125-defesa-de-curriculo-e-projeto.pdf\">Ata de Defesa de Curr\u00edculo e Projeto de Pesquisa &#8211; 25\/11\/2021 &#8211; 14:30<\/a><\/li>\n<li><a href=\"http:\/\/web.inf.ufpr.br\/dinf\/wp-content\/uploads\/sites\/2\/2021\/11\/ata-20211125-analise-de-curriculo.pdf\">Ata de An\u00e1lise de Curr\u00edculo &#8211; 25\/11\/2021 &#8211; 14:00<\/a><\/li>\n<li><a href=\"http:\/\/web.inf.ufpr.br\/dinf\/wp-content\/uploads\/sites\/2\/2021\/11\/cronograma_2021125.pdf\">Cronograma do concurso, atualizado em 25\/11\/2021 \u2013 12:52<\/a><\/li>\n<li><a href=\"http:\/\/web.inf.ufpr.br\/dinf\/wp-content\/uploads\/sites\/2\/2021\/11\/ata-20211125-avaliacao-prova-didatica.pdf\">Ata de Avalia\u00e7\u00e3o da Prova Did\u00e1tica &#8211; 25\/11\/2021 &#8211; 7:30<\/a><\/li>\n<li><a href=\"http:\/\/web.inf.ufpr.br\/dinf\/wp-content\/uploads\/sites\/2\/2021\/11\/cronograma_2021124.pdf\">Cronograma do concurso, atualizado em 24\/11\/2021 \u2013 11:14<\/a><\/li>\n<li><a href=\"http:\/\/web.inf.ufpr.br\/dinf\/wp-content\/uploads\/sites\/2\/2021\/11\/ata-20211124-sorteio-prova-didatica.pdf\">Ata de Sorteio da Prova Did\u00e1tica, 24\/11\/2021 \u2013 07:30<\/a><\/li>\n<li><a href=\"http:\/\/web.inf.ufpr.br\/dinf\/wp-content\/uploads\/sites\/2\/2021\/11\/ata-20211123-reconsideracoes-prova-escrita.pdf\">Ata de Pedido de Reconsidera\u00e7\u00e3o da Prova Escrita, 23\/11\/2021 \u2013 21:30<\/a><\/li>\n<li><a href=\"http:\/\/web.inf.ufpr.br\/dinf\/wp-content\/uploads\/sites\/2\/2021\/11\/pedido_reconsideracao_prova_escrita.pdf\">Pedido de reconsidera\u00e7\u00e3o da candidata Caroline Mazetto Mendes, 23\/11\/2021 \u2013 20:43<\/a><\/li>\n<li><a href=\"http:\/\/web.inf.ufpr.br\/dinf\/wp-content\/uploads\/sites\/2\/2021\/11\/cronograma_2021123.pdf\">Cronograma do concurso, atualizado em 23\/11\/2021 \u2013 19:03<\/a><\/li>\n<li><a href=\"http:\/\/web.inf.ufpr.br\/dinf\/wp-content\/uploads\/sites\/2\/2021\/11\/ata-20211123-leitura-avaliacao-prova-escrita.pdf\">Ata da Avalia\u00e7\u00e3o da Prova Escrita &#8211; 23\/11\/2021 &#8211; 18:20<\/a><\/li>\n<li><a href=\"http:\/\/web.inf.ufpr.br\/dinf\/wp-content\/uploads\/sites\/2\/2021\/11\/ata-20211122-instalacao-prova-escrita.pdf\">Ata de Abertura e Prova Escrita &#8211; 22\/11\/2021 &#8211; 15:00<\/a><\/li>\n<li><a href=\"http:\/\/web.inf.ufpr.br\/dinf\/wp-content\/uploads\/sites\/2\/2021\/11\/cronograma_2021122.pdf\">Cronograma do concurso, atualizado em 22\/11\/2021 \u2013 11:43<\/a><\/li>\n<li><a href=\"http:\/\/web.inf.ufpr.br\/dinf\/wp-content\/uploads\/sites\/2\/2021\/11\/informacoes_adicionais.pdf\">Esclarecimento sobre entrega de documenta\u00e7\u00e3o 12\/11\/2021<\/a><\/li>\n<li><a href=\"http:\/\/web.inf.ufpr.br\/dinf\/wp-content\/uploads\/sites\/2\/2021\/10\/local_prova_escrita.pdf\">Local da prova escrita presencial 04\/10\/2021<\/a><\/li>\n<li><a href=\"http:\/\/web.inf.ufpr.br\/dinf\/wp-content\/uploads\/sites\/2\/2021\/10\/cronograma_inicial.pdf\">Cronograma inicial do concurso 04\/10\/2021<\/a><\/li>\n<li><a href=\"http:\/\/web.inf.ufpr.br\/dinf\/wp-content\/uploads\/sites\/2\/2021\/10\/edital_banca_data_alteracao.pdf\">Edital de altera\u00e7\u00e3o da data do concurso 04\/10\/2021<\/a><\/li>\n<li><a href=\"http:\/\/web.inf.ufpr.br\/dinf\/wp-content\/uploads\/sites\/2\/2021\/09\/edital_banca_data.pdf\">Edital da composi\u00e7\u00e3o da banca e data do concurso 03\/09\/2021<\/a><\/li>\n<li><a href=\"http:\/\/web.inf.ufpr.br\/dinf\/wp-content\/uploads\/sites\/2\/2021\/09\/edital_provas.pdf\">Edital do formato das provas 19\/07\/2021<\/a><\/li>\n<li><a href=\"http:\/\/web.inf.ufpr.br\/dinf\/wp-content\/uploads\/sites\/2\/2021\/04\/edital_adiamento.pdf\">Edital de adiamento do concurso 29\/04\/2021<\/a><\/li>\n<li><a href=\"http:\/\/web.inf.ufpr.br\/dinf\/wp-content\/uploads\/sites\/2\/2021\/02\/homologacao_inscricoes.pdf\">Homologa\u00e7\u00e3o das Inscri\u00e7\u00f5es 26\/02\/2021<\/a><\/li>\n<li><a href=\"http:\/\/www.inf.ufpr.br\/arquivos\/dinf\/Arquivos\/2020-12-Programa_Concurso_113_2020.pdf\">Complemento e Programa do Edital PROGEPE N\u00ba 113\/20<\/a><\/li>\n<li><a href=\"http:\/\/www.inf.ufpr.br\/arquivos\/dinf\/Arquivos\/2020-12-instrucoesCandidatos.pdf\">Instru\u00e7\u00f5es importantes para os candidatos<\/a><\/li>\n<li>Resolu\u00e7\u00f5es que regem os concursos da UFPR\n<ul>\n<li><a href=\"http:\/\/www.soc.ufpr.br\/portal\/wp-content\/uploads\/2016\/12\/cepe66A16.pdf\">Resolu\u00e7\u00e3o n\u00ba 66A\/16-CEPE<\/a>: Estabelece as normas de concurso p\u00fablico;<\/li>\n<li><a href=\"http:\/\/www.soc.ufpr.br\/portal\/wp-content\/uploads\/2016\/12\/cepe-7016-relat%C3%B3rio-da-comiss%C3%A3o-e-proposta-nova-resolu%C3%A7%C3%A3o-apresentando-tabela-de-pontua%C3%A7%C3%A3o-revoga-Res.-10-05-CEPE-alterada-pela-Res-20.18.pdf\">Resolu\u00e7\u00e3o n\u00ba 70\/16-CEPE<\/a>: Complementa a resolu\u00e7\u00e3o 66A\/16 fixando a tabela de pontua\u00e7\u00e3o para avalia\u00e7\u00e3o de curr\u00edculo;<\/li>\n<li><a href=\"http:\/\/www.soc.ufpr.br\/portal\/wp-content\/uploads\/2020\/12\/RESOLU%C3%87%C3%83O-N%C2%BA-92-2020-CEPE.pdf\">Resolu\u00e7\u00e3o n\u00ba 92\/2020-CEPE<\/a>: Complementa a resolu\u00e7\u00e3o 66A\/16 estabelecendo procedimentos para reserva de vagas para candidatos negros e pessoas com defici\u00eancia;<\/li>\n<li><a href=\"http:\/\/www.soc.ufpr.br\/portal\/wp-content\/uploads\/2020\/12\/RESOLU%C3%87%C3%83O-N%C2%BA-93-2020-CEPE.pdf\">Resolu\u00e7\u00e3o n\u00ba 93\/2020-CEPE<\/a>: Complementa a resolu\u00e7\u00e3o 66A\/16 tratando dos procedimentos durante a pandemia.<\/li>\n<\/ul>\n<\/li>\n<li>&nbsp;As inscri\u00e7\u00f5es ocorrer\u00e3o no per\u00edodo de <a href=\"http:\/\/www.progepe.ufpr.br\/progepe\/concursos\/docente\/concursos_publicos\/editais\/edital113-20.pdf\">18\/01\/2021 a 16\/02\/2021<\/a>\n<ul>\n<li>E\u2010mail de recebimento das inscri\u00e7\u00f5es: chefia@inf.ufpr.br<\/li>\n<\/ul>\n<\/li>\n<li>D\u00favidas: chefia@inf.ufpr.br<\/li>\n<\/ul>\n<\/td>\n<\/tr>\n<tr>\n<td style=\"border-style: double;border-color: #000000;width: 621.333px\">\n<p><a href=\"http:\/\/www.progepe.ufpr.br\/progepe\/concursos\/docente\/concursos_publicos\/editais\/edital302-21.pdf\" target=\"_blank\" rel=\"noopener\">Processo seletivo para Professor Substituto &#8211; Edital PROGEPE n\u00ba 302\/2021<\/a><\/p>\n<ul>\n<li><a href=\"https:\/\/web.inf.ufpr.br\/dinf\/wp-content\/uploads\/sites\/2\/2021\/09\/04-Resultado-Final.pdf\" target=\"_blank\" rel=\"noopener\">Resultado Final do Processo Seletivo 23\/09\/2021<\/a><\/li>\n<li><a href=\"http:\/\/web.inf.ufpr.br\/dinf\/wp-content\/uploads\/sites\/2\/2021\/09\/03-SorteioPontos-1.pdf\" target=\"_blank\" rel=\"noopener\">Resultado do sorteio dos Pontos para Prova Did\u00e1tica 21\/09\/2021<\/a><\/li>\n<li><a href=\"http:\/\/web.inf.ufpr.br\/dinf\/wp-content\/uploads\/sites\/2\/2021\/09\/02-AnaliseCurriculo-2.pdf\" target=\"_blank\" rel=\"noopener\">An\u00e1lise de curr\u00edculo 20\/09\/2021<\/a><\/li>\n<li><a href=\"http:\/\/web.inf.ufpr.br\/dinf\/wp-content\/uploads\/sites\/2\/2021\/09\/01-HomologacaoInscricoes.pdf\" target=\"_blank\" rel=\"noopener\">Homologa\u00e7\u00e3o das inscri\u00e7\u00f5es 17\/09\/2021<\/a><\/li>\n<li><a href=\"http:\/\/web.inf.ufpr.br\/dinf\/wp-content\/uploads\/sites\/2\/2021\/09\/00-Programa_Bibliografia.pdf\" target=\"_blank\" rel=\"noopener\">Programa e Bibliografia do Teste Seletivo<\/a><\/li>\n<li><a href=\"http:\/\/www.progepe.ufpr.br\/progepe\/concursos\/docente\/concursos_publicos\/editais\/edital302-21.pdf\" target=\"_blank\" rel=\"noopener\">Edital de abertura PROGEPE n\u00ba 302\/2021<\/a><\/li>\n<li>As inscri\u00e7\u00f5es ocorrer\u00e3o no per\u00edodo de 10\/09\/2021 at\u00e9 16\/09\/2021<a href=\"http:\/\/www.inf.ufpr.br\/arquivos\/dinf\/Arquivos\/2020-12-Programa_Concurso_113_2020.pdf\"><br><\/a><\/li>\n<li>Local: as inscri\u00e7\u00f5es dever\u00e3o ser enviadas por e-mail, atrav\u00e9s do endere\u00e7o chefia@inf.ufpr.br<\/li>\n<li>D\u00favidas: chefia@inf.ufpr.br<\/li>\n<li>Resolu\u00e7\u00f5es que regem os concursos da UFPR\n<ul>\n<li><a href=\"http:\/\/www.soc.ufpr.br\/portal\/wp-content\/uploads\/2016\/07\/Res-92-06-CEPE-contrata\u00e7\u00e3o-substituto-alterada-Res.-04-13-CEPE-Res.-27-19-CEPE-e-Res.-70-2020-CEPE.pdf\" target=\"_blank\" rel=\"noopener\">Resolu\u00e7\u00e3o n\u00ba 92\/06-CEPE:<\/a> Estabelece normas para contrata\u00e7\u00e3o de professor substituto na UFPR<\/li>\n<li><a href=\"http:\/\/www.soc.ufpr.br\/portal\/wp-content\/uploads\/2016\/12\/cepe-7016-relat\u00f3rio-da-comiss\u00e3o-e-proposta-nova-resolu\u00e7\u00e3o-apresentando-tabela-de-pontua\u00e7\u00e3o-revoga-Res.-10-05-CEPE-alterada-pela-Res-20.18.pdf\" target=\"_blank\" rel=\"noopener\">Resolu\u00e7\u00e3o n\u00ba 70\/16-CEPE: <\/a>Fixa a tabela de pontua\u00e7\u00e3o para avalia\u00e7\u00e3o de curr\u00edculo<\/li>\n<\/ul>\n<\/li>\n<\/ul>\n<\/td>\n<\/tr>\n<tr>\n<td style=\"border-style: double;border-color: #000000;width: 621.333px\">\n<p>Processo Seletivo para Professor Substituto Edital PROGEPE N\u00ba 444\/19<\/p>\n<ul>\n<li><a href=\"http:\/\/www.progepe.ufpr.br\/progepe\/concursos\/docente\/concursos_publicos\/editais\/edital444-19.pdf\">Edital de abertura PROGEPE n\u00ba 444\/19&nbsp;<\/a><\/li>\n<li><a href=\"http:\/\/web.inf.ufpr.br\/dinf\/wp-content\/uploads\/sites\/2\/2019\/12\/SEI_23075.079012_2019_15.pdf\">Resultado final do Processo Seletivo 444\/2019<\/a>&nbsp;<\/li>\n<li>As inscri\u00e7\u00f5es ocorrer\u00e3o no per\u00edodo de 02\/12\/2019 at\u00e9 13\/12\/2019<\/li>\n<li>Local: Pr\u00e9dio do Departamento de Inform\u00e1tica, Av. Coronel Francisco H. dos Santos, no 100, Centro Polit\u00e9cnico, Jardim das Am\u00e9ricas, Curitiba \u2013 PR, CEP 81531-980 \u2013 Cx. Postal 19097 &#8211; Fone: (41) 3361-3102.<\/li>\n<li>Hor\u00e1rio: das 10h \u00e0s 16h<\/li>\n<li>D\u00favidas: secretaria [at] inf.ufpr.br<\/li>\n<li>Resolu\u00e7\u00f5es que regem os concursos da UFPR\n<ul>\n<li><a href=\"http:\/\/www.soc.ufpr.br\/portal\/wp-content\/uploads\/2016\/07\/resolucao_cepe_18122006-183.pdf\">Resolu\u00e7\u00e3o n\u00ba 92\/06-CEPE:<\/a> Estabelece normas para contrata\u00e7\u00e3o de professor substituto na UFPR<\/li>\n<\/ul>\n<\/li>\n<\/ul>\n<\/td>\n<\/tr>\n<tr>\n<td style=\"border-style: double;border-color: #000000;width: 621.333px\">\n<p><a href=\"http:\/\/www.progepe.ufpr.br\/progepe\/concursos\/docente\/concursos_publicos\/editais\/edital170-18.pdf\">Concurso P\u00fablico Adjunto A &#8211; Dedica\u00e7\u00e3o Exclusiva Edital PROGEPE N\u00ba 170\/18<\/a><\/p>\n<ul>\n<li><a href=\"http:\/\/web.inf.ufpr.br\/dinf\/wp-content\/uploads\/sites\/2\/2018\/09\/p12.pdf\">Resultado FINAL do concurso Edital 170\/18<\/a><\/li>\n<li><a href=\"http:\/\/web.inf.ufpr.br\/dinf\/wp-content\/uploads\/sites\/2\/2018\/08\/data.pdf\">Data IN\u00cdCIO das provas do concurso Edital 170\/18 (publicado em 02\/08\/18)<\/a><\/li>\n<li><a href=\"http:\/\/web.inf.ufpr.br\/dinf\/wp-content\/uploads\/sites\/2\/2018\/07\/inscri\u00e7ao-homologa.pdf\">Homologa\u00e7\u00e3o das Inscri\u00e7\u00f5es 17\/07\/2018<\/a><\/li>\n<li><a href=\"http:\/\/www.inf.ufpr.br\/arquivos\/dinf\/Arquivos\/2018-06-Programa_Concurso_170_2018.pdf\">Complemento e Programa do Edital PROGEPE N\u00ba 170\/18<\/a><\/li>\n<li><a href=\"http:\/\/www.inf.ufpr.br\/arquivos\/dinf\/Arquivos\/2018-06-instrucoesCandidatos.pdf\">Instru\u00e7\u00f5es importantes para os candidatos<\/a><\/li>\n<li>Resolu\u00e7\u00f5es que regem os concursos da UFPR\n<ul>\n<li><a href=\"http:\/\/www.soc.ufpr.br\/portal\/wp-content\/uploads\/2016\/12\/cepe66A16.pdf\">Resolu\u00e7\u00e3o n\u00ba 66A\/16<\/a>: Estabelece as normas de concurso p\u00fablico;<\/li>\n<li><a href=\"http:\/\/www.soc.ufpr.br\/portal\/wp-content\/uploads\/2016\/12\/cepe-7016-relat%C3%B3rio-da-comiss%C3%A3o-e-proposta-nova-resolu%C3%A7%C3%A3o-apresentando-tabela-de-pontua%C3%A7%C3%A3o-revoga-Res.-10-05-CEPE-alterada-pela-Res-20.18.pdf\">Resolu\u00e7\u00e3o n\u00ba 70\/16<\/a>: Complementa a resolu\u00e7\u00e3o 66A\/16 fixando a tabela de pontua\u00e7\u00e3o para avalia\u00e7\u00e3o de curr\u00edculo.<\/li>\n<\/ul>\n<\/li>\n<li>&nbsp;As inscri\u00e7\u00f5es ocorrer\u00e3o no per\u00edodo de <a href=\"http:\/\/www.progepe.ufpr.br\/progepe\/concursos\/docente\/concursos_publicos\/editais\/edital170-18.pdf\" target=\"_blank\" rel=\"noopener noreferrer\">11\/06\/2018 at\u00e9 10\/07\/2018<\/a>\n<ul>\n<li>Local: Secretaria do Departamento de Inform\u00e1tica, Av. Coronel Francisco Her\u00e1clito dos Santos, n\u00ba 100, Centro Polit\u00e9cnico, Jardim das Am\u00e9ricas, Curitiba \u2013 PR, CEP 81531-980 \u2013 Caixa Postal 19097 &#8211; Telefone: (41) 3361-3031.<\/li>\n<li>Hor\u00e1rio: das 10h \u00e0s 16h.<\/li>\n<\/ul>\n<\/li>\n<li>D\u00favidas: concurso [at] inf.ufpr.br<\/li>\n<\/ul>\n<\/td>\n<\/tr>\n<tr>\n<td style=\"border-style: double;border-color: #000000;width: 621.333px\">\n<p><a href=\"http:\/\/www.progepe.ufpr.br\/progepe\/concursos\/docente\/concursos_publicos\/editais\/edital204-18.pdf\">Processo Seletivo Professor Substituto Edital PROGEPE N\u00ba 204\/18<\/a><\/p>\n<ul>\n<li><a href=\"http:\/\/web.inf.ufpr.br\/dinf\/wp-content\/uploads\/sites\/2\/2018\/06\/4ata-candidatos-habilitados.pdf\">Resultado final do Processo Seletivo 204\/18<\/a><\/li>\n<li><a href=\"http:\/\/web.inf.ufpr.br\/dinf\/wp-content\/uploads\/sites\/2\/2018\/06\/3ata-sorteio-provas-didaticas.pdf\">Resultado do sorteio dos Pontos para Prova Did\u00e1tica<\/a><\/li>\n<li><a href=\"http:\/\/web.inf.ufpr.br\/dinf\/wp-content\/uploads\/sites\/2\/2018\/06\/2ata-analise-de-curriculos.pdf\">Resultado da Prova de T\u00edtulos<\/a><\/li>\n<li><a href=\"http:\/\/web.inf.ufpr.br\/dinf\/wp-content\/uploads\/sites\/2\/2018\/06\/1ata-homologa\u00e7\u00e3o-dos-candidatos-inscritos.pdf\">Inscri\u00e7\u00f5es Homologadas<\/a><\/li>\n<li>Resolu\u00e7\u00f5es que regem os concursos da UFPR\n<ul>\n<li><a href=\"http:\/\/www.soc.ufpr.br\/portal\/wp-content\/uploads\/2016\/07\/resolucao_cepe_18122006-183.pdf\">Resolu\u00e7\u00e3o n\u00ba 92\/06-CEPE:<\/a> Estabelece normas para contrata\u00e7\u00e3o de professor substituto na UFPR<\/li>\n<\/ul>\n<\/li>\n<li><a href=\"http:\/\/www.inf.ufpr.br\/arquivos\/dinf\/Arquivos\/2018-01-TesteSeletivoPrograma-CI202-CI208.pdf\">Programa e Bibliografia do Teste Seletivo <\/a><\/li>\n<li>As inscri\u00e7\u00f5es ocorrer\u00e3o no per\u00edodo de&nbsp;12\/06\/2018 at\u00e9 18\/06\/2018<\/li>\n<li>Local: Pr\u00e9dio do Departamento de Inform\u00e1tica, Av. Coronel Francisco H. dos Santos, no 100, Centro Polit\u00e9cnico, Jardim das Am\u00e9ricas, Curitiba \u2013 PR, CEP 81531-980 \u2013 Cx. Postal 19097 &#8211; Fone: (41) 3361-3102.<\/li>\n<li>Hor\u00e1rio: das 10h \u00e0s 16h<\/li>\n<li>D\u00favidas: concurso [at] inf.ufpr.br<\/li>\n<\/ul>\n<\/td>\n<\/tr>\n<tr>\n<td style=\"border-style: double;border-color: #000000;width: 621.333px\">\n<p><a href=\"http:\/\/www.progepe.ufpr.br\/progepe\/concursos\/docente\/concursos_publicos\/editais\/edital003-18.pdf\">Teste Seletivo Professor Substituto Edital PROGEPE N\u00ba 03\/18<\/a><\/p>\n<ul>\n<li><a href=\"http:\/\/www.inf.ufpr.br\/arquivos\/dinf\/Arquivos\/2018-02-06_ProvaDidatica_Final.pdf\">Resultado final do Teste Seletivo<\/a><\/li>\n<li><a href=\"http:\/\/www.inf.ufpr.br\/arquivos\/dinf\/Arquivos\/2018-02-05_SorteioPontos.pdf\">Resultado do sorteio dos Pontos para Prova Did\u00e1tica<\/a><\/li>\n<li><a href=\"http:\/\/www.inf.ufpr.br\/arquivos\/dinf\/Arquivos\/2018-02-02_AnaliseCurriculo.pdf\">Resultado da Prova de T\u00edtulos<\/a><\/li>\n<li><a href=\"http:\/\/www.inf.ufpr.br\/arquivos\/dinf\/Arquivos\/2018-01-29-homologaInscricoes.pdf\">Inscri\u00e7\u00f5es Homologadas (29\/01\/2018)<\/a><\/li>\n<li>Resolu\u00e7\u00f5es que regem os concursos da UFPR\n<ul>\n<li><a href=\"http:\/\/www.soc.ufpr.br\/portal\/wp-content\/uploads\/2016\/07\/resolucao_cepe_18122006-183.pdf\">Resolu\u00e7\u00e3o n\u00ba 92\/06-CEPE:<\/a> Estabelece normas para contrata\u00e7\u00e3o de professor substituto na UFPR<\/li>\n<\/ul>\n<\/li>\n<li><a href=\"http:\/\/www.inf.ufpr.br\/arquivos\/dinf\/Arquivos\/2018-01-TesteSeletivoPrograma-CI202-CI208.pdf\">Programa e Bibliografia do Teste Seletivo <\/a><\/li>\n<li>As inscri\u00e7\u00f5es ocorrer\u00e3o no per\u00edodo de 16\/01\/2018 a 29\/01\/2018\n<ul>\n<li>Local: Pr\u00e9dio do Departamento de Inform\u00e1tica, Av. Coronel Francisco H. dos Santos, no 100, Centro Polit\u00e9cnico, Jardim das Am\u00e9ricas, Curitiba \u2013 PR, CEP 81531-980 \u2013 Cx. Postal 19081 &#8211; Fone: (41) 3361-3102.<\/li>\n<li>Hor\u00e1rio: das 10h \u00e0s 16h<\/li>\n<\/ul>\n<\/li>\n<li>D\u00favidas: concurso [at] inf.ufpr.br<\/li>\n<\/ul>\n<\/td>\n<\/tr>\n<tr>\n<td style=\"border-style: double;border-color: #000000;width: 621.333px\">\n<p><a href=\"http:\/\/www.progepe.ufpr.br\/progepe\/concursos\/docente\/concursos_publicos\/editais\/edital375-17.pdf\">Concurso P\u00fablico Adjunto A &#8211; Dedica\u00e7\u00e3o Exclusiva Edital PROGEPE N\u00ba 375\/17<\/a><\/p>\n<ul>\n<li><a href=\"http:\/\/www.inf.ufpr.br\/arquivos\/dinf\/Arquivos\/2017-12-13-ConcursoResultado-375_17.pdf\">Resultado do Concurso P\u00fablico 375\/17<\/a><\/li>\n<li><a href=\"http:\/\/www.inf.ufpr.br\/arquivos\/dinf\/Arquivos\/2017-12-04-Concurso-IndicacaoBanca.pdf\">Composi\u00e7\u00e3o de Banca Examinadora e DATA do concurso<\/a><\/li>\n<li><a href=\"http:\/\/www.inf.ufpr.br\/arquivos\/dinf\/Arquivos\/2017-12-04-Concurso-RecursoInscr.pdf\">Resultado dos recursos \u00e0s inscri\u00e7\u00f5es indeferidas<\/a><\/li>\n<li><a href=\"http:\/\/www.inf.ufpr.br\/arquivos\/dinf\/Arquivos\/2017-11-27-ConcursoEdital-HomologaInscr.pdf\">Inscri\u00e7\u00f5es Homologadas (27\/11\/2017)<\/a><\/li>\n<li>Resolu\u00e7\u00f5es que regem os concursos da UFPR\n<ul>\n<li><a href=\"http:\/\/www.soc.ufpr.br\/wp-content\/uploads\/2016\/12\/cepe66A16.pdf\">Resolu\u00e7\u00e3o n\u00ba 66A\/16<\/a>: Estabelece as normas de concurso p\u00fablico;<\/li>\n<li><a href=\"http:\/\/www.soc.ufpr.br\/wp-content\/uploads\/2016\/12\/cepe7016-1.pdf\">Resolu\u00e7\u00e3o n\u00ba 70\/16<\/a>: Complementa a resolu\u00e7\u00e3o 66A\/16 fixando a tabela de pontua\u00e7\u00e3o para avalia\u00e7\u00e3o de curr\u00edculo.<\/li>\n<\/ul>\n<\/li>\n<li><a href=\"http:\/\/www.inf.ufpr.br\/arquivos\/dinf\/Arquivos\/2017-10-25-Programa_Concurso_375_2017.pdf\">Programa do concurso e Bibliografia &#8211; Edital PROGEPE n\u00ba 375\/17<\/a><\/li>\n<li>As inscri\u00e7\u00f5es ocorrer\u00e3o no per\u00edodo de 24\/10\/2017 a 22\/11\/2017<a href=\"http:\/\/www.progepe.ufpr.br\/progepe\/concursos\/docente\/concursos_publicos\/editais\/edital170-18.pdf\" target=\"_blank\" rel=\"noopener noreferrer\">11\/06\/2018 at\u00e9 10\/07\/2018<\/a>\n<ul>\n<li>Local: Pr\u00e9dio do Departamento de Inform\u00e1tica, Av. Coronel Francisco H. dos Santos, no 100, Centro Polit\u00e9cnico, Jardim das Am\u00e9ricas, Curitiba \u2013 PR, CEP 81531-980 \u2013 Cx. Postal 19081 &#8211; Fone: (41) 3361-3102.<\/li>\n<li>Hor\u00e1rio: das 9h \u00e0s 15h<\/li>\n<li><a href=\"http:\/\/www.progepe.ufpr.br\/progepe\/concursos\/docente\/concursos_publicos\/concursos.html\">Instru\u00e7\u00f5es para inscri\u00e7\u00e3o<\/a><\/li>\n<\/ul>\n<\/li>\n<li>D\u00favidas: concurso [at] inf.ufpr.br<\/li>\n<\/ul>\n<\/td>\n<\/tr>\n<\/tbody>\n<\/table>\n<p>hHs<\/p>\n<p><!-- \/wp:html --><\/p>\n<p><!-- wp:tadv\/classic-paragraph \/--><\/p>\t\t\t\t\t\t\t\t<\/div>\n\t\t\t\t<\/div>\n\t\t\t\t\t<\/div>\n\t\t<\/div>\n\t\t\t\t\t<\/div>\n\t\t<\/section>\n\t\t\t\t<\/div>\n\t\t","protected":false},"excerpt":{"rendered":"<p>&nbsp; CONCURSOS P\u00daBLICOS \/ PROCESSOS SELETIVOS SERVIDOR DOCENTE Publica\u00e7\u00f5es: &nbsp; Processo Seletivo para Professor Substituto \u2013 EDITAL PROGEPE 15\/2026 Cronograma para sorteio de pontos e realiza\u00e7\u00e3o da prova did\u00e1tica Pontos e bibliografia Deferimento das inscri\u00e7\u00f5es &#8211; 19\/02\/26 Composi\u00e7\u00e3o da banca de homologa\u00e7\u00e3o das inscri\u00e7\u00f5es&nbsp;e do Processo Seletivo Resolu\u00e7\u00f5es que regem os concursos da UFPR Resolu\u00e7\u00e3o&hellip;<\/p>\n","protected":false},"author":3,"featured_media":0,"parent":0,"menu_order":0,"comment_status":"closed","ping_status":"closed","template":"","meta":{"footnotes":""},"class_list":["post-78","page","type-page","status-publish","hentry"],"_links":{"self":[{"href":"https:\/\/web.inf.ufpr.br\/dinf\/index.php?rest_route=\/wp\/v2\/pages\/78","targetHints":{"allow":["GET"]}}],"collection":[{"href":"https:\/\/web.inf.ufpr.br\/dinf\/index.php?rest_route=\/wp\/v2\/pages"}],"about":[{"href":"https:\/\/web.inf.ufpr.br\/dinf\/index.php?rest_route=\/wp\/v2\/types\/page"}],"author":[{"embeddable":true,"href":"https:\/\/web.inf.ufpr.br\/dinf\/index.php?rest_route=\/wp\/v2\/users\/3"}],"replies":[{"embeddable":true,"href":"https:\/\/web.inf.ufpr.br\/dinf\/index.php?rest_route=%2Fwp%2Fv2%2Fcomments&post=78"}],"version-history":[{"count":532,"href":"https:\/\/web.inf.ufpr.br\/dinf\/index.php?rest_route=\/wp\/v2\/pages\/78\/revisions"}],"predecessor-version":[{"id":2647,"href":"https:\/\/web.inf.ufpr.br\/dinf\/index.php?rest_route=\/wp\/v2\/pages\/78\/revisions\/2647"}],"wp:attachment":[{"href":"https:\/\/web.inf.ufpr.br\/dinf\/index.php?rest_route=%2Fwp%2Fv2%2Fmedia&parent=78"}],"curies":[{"name":"wp","href":"https:\/\/api.w.org\/{rel}","templated":true}]}}