{"id":240,"date":"2017-06-01T22:13:40","date_gmt":"2017-06-02T01:13:40","guid":{"rendered":"http:\/\/web.inf.ufpr.br\/dinf\/?page_id=240"},"modified":"2025-03-17T15:00:30","modified_gmt":"2025-03-17T18:00:30","slug":"isoladas-e-eletivas","status":"publish","type":"page","link":"https:\/\/web.inf.ufpr.br\/dinf\/?page_id=240","title":{"rendered":"Isoladas e Eletivas"},"content":{"rendered":"\t\t<div data-elementor-type=\"wp-page\" data-elementor-id=\"240\" class=\"elementor elementor-240\">\n\t\t\t\t\t\t<section class=\"elementor-section elementor-top-section elementor-element elementor-element-a5e617e elementor-section-boxed elementor-section-height-default elementor-section-height-default\" data-id=\"a5e617e\" data-element_type=\"section\" data-e-type=\"section\">\n\t\t\t\t\t\t<div class=\"elementor-container elementor-column-gap-default\">\n\t\t\t\t\t<div class=\"elementor-column elementor-col-100 elementor-top-column elementor-element elementor-element-3a3c0125\" data-id=\"3a3c0125\" data-element_type=\"column\" data-e-type=\"column\">\n\t\t\t<div class=\"elementor-widget-wrap elementor-element-populated\">\n\t\t\t\t\t\t<div class=\"elementor-element elementor-element-beb4dce elementor-widget elementor-widget-text-editor\" data-id=\"beb4dce\" data-element_type=\"widget\" data-e-type=\"widget\" data-widget_type=\"text-editor.default\">\n\t\t\t\t<div class=\"elementor-widget-container\">\n\t\t\t\t\t\t\t\t\t<p><span style=\"color: #000000\"><span style=\"font-family: arial, helvetica, sans-serif\"><span style=\"font-size: small\">As matr\u00edculas em disciplinas <\/span><\/span><\/span><span style=\"color: #000000\"><span style=\"font-family: arial, helvetica, sans-serif\"><span style=\"font-size: small\">ISOLADAS e ELETIVAS<\/span><\/span><\/span><span style=\"color: #000000\"><span style=\"font-family: arial, helvetica, sans-serif\"><span style=\"font-size: small\"> ocorrer\u00e3o nos dias especificados no <\/span><\/span><\/span><span style=\"color: #0000ff\"><a style=\"color: #0000ff\" href=\"http:\/\/www.prograd.ufpr.br\/portal\/calendario-academico\/\">Calend\u00e1rio Acad\u00eamico<\/a><\/span><span style=\"color: #000000\"><span style=\"font-family: arial, helvetica, sans-serif\"><span style=\"font-size: small\"> de 15 semanas.<\/span><\/span><\/span><\/p>\n<p><span style=\"color: #000000\"><span style=\"font-family: arial, helvetica, sans-serif\"><span style=\"font-size: small\"><b>Disciplinas Eletivas:<\/b><\/span><\/span><\/span> <span style=\"color: #000000\"><span style=\"font-family: arial, helvetica, sans-serif\"><span style=\"font-size: small\"><u>ocorrem diretamente no ambiente SIGA <\/u><\/span><\/span><\/span><span style=\"color: #000000\"><span style=\"font-family: arial, helvetica, sans-serif\"><span style=\"font-size: small\">e <\/span><\/span><\/span><span style=\"color: #000000\"><span style=\"font-family: arial, helvetica, sans-serif\"><span style=\"font-size: small\">s\u00e3o<\/span><\/span><\/span><span style=\"color: #000000\"><span style=\"font-family: arial, helvetica, sans-serif\"><span style=\"font-size: small\"> exclusivas p<\/span><\/span><\/span><span style=\"color: #000000\"><span style=\"font-family: arial, helvetica, sans-serif\"><span style=\"font-size: small\">ara alunos da UFPR.<\/span><\/span><\/span><\/p>\n<p><span style=\"color: #000000\"><span style=\"font-family: arial, helvetica, sans-serif\"><span style=\"font-size: small\"><b>Disciplinas Isoladas:<\/b><\/span><\/span><\/span> <span style=\"color: #000000\"><span style=\"font-family: arial, helvetica, sans-serif\"><span style=\"font-size: small\"><u>ocorrem via e-mail<\/u><\/span><\/span><\/span> <span style=\"color: #0000ff\"><a style=\"color: #0000ff\" href=\"mailto:secretaria@inf.ufpr.br\">secretaria@inf.ufpr.br<\/a><\/span> <span style=\"color: #000000\"><span style=\"font-family: arial, helvetica, sans-serif\"><span style=\"font-size: small\">e s\u00e3o <\/span><\/span><\/span><span style=\"color: #000000\"><span style=\"font-family: arial, helvetica, sans-serif\"><span style=\"font-size: small\">exclusivas p<\/span><\/span><\/span><span style=\"color: #000000\"><span style=\"font-family: arial, helvetica, sans-serif\"><span style=\"font-size: small\">ara alunos <\/span><\/span><\/span><span style=\"color: #000000\"><span style=\"font-family: arial, helvetica, sans-serif\"><span style=\"font-size: small\">externos \u00e0<\/span><\/span><\/span><span style=\"color: #000000\"><span style=\"font-family: arial, helvetica, sans-serif\"><span style=\"font-size: small\"> UFPR. <\/span><\/span><\/span><\/p>\n<p><span style=\"color: #000000\"><span style=\"font-family: arial, helvetica, sans-serif\"><span style=\"font-size: small\">Nos dias reservados para solicita\u00e7\u00e3o de matr\u00edculas isoladas, conforme <\/span><\/span><\/span><span style=\"color: #000000\"><span style=\"font-family: arial, helvetica, sans-serif\"><span style=\"font-size: small\">calend\u00e1rio acad\u00eamico vigente, <\/span><\/span><\/span><span style=\"color: #000000\"><span style=\"font-family: arial, helvetica, sans-serif\"><span style=\"font-size: small\">o interessado dever\u00e1 <\/span><\/span><\/span><span style=\"color: #000000\"><span style=\"font-family: arial, helvetica, sans-serif\"><span style=\"font-size: small\">anexar:<\/span><\/span><\/span><\/p>\n<ul>\n<li><span style=\"color: #000000\"><span style=\"font-family: arial, helvetica, sans-serif\"><span style=\"font-size: small\"><a href=\"http:\/\/web.inf.ufpr.br\/dinf\/wp-content\/uploads\/sites\/2\/2023\/03\/formulario_isolada.pdf\"><span style=\"color: #0000ff\">requerimento assinado,<\/span><\/a> com op\u00e7\u00e3o m\u00e1xima de at\u00e9 3(tr\u00eas) disciplinas;<\/span><\/span><\/span><\/li>\n<li><span style=\"color: #000000\"><span style=\"font-family: arial, helvetica, sans-serif\"><span style=\"font-size: small\">c\u00f3pia simples, frente e verso de documento oficial(RG e CPF);<\/span><\/span><\/span><\/li>\n<li><span style=\"color: #000000\"><span style=\"font-family: arial, helvetica, sans-serif\"><span style=\"font-size: small\">c\u00f3pia simples do hist\u00f3rico escolar;<\/span><\/span><\/span><\/li>\n<li><span style=\"color: #000000\"><span style=\"font-family: arial, helvetica, sans-serif\"><span style=\"font-size: small\">c\u00f3pia simples do comprovante de conclus\u00e3o do Ensino M\u00e9dio<\/span><\/span><\/span><\/li>\n<\/ul><div><span><span style=\"font-family: arial, helvetica, sans-serif\"><span style=\"font-size: small\">* para consultar as disciplinas ofertadas consulte&nbsp;<\/span><\/span><\/span><a href=\"https:\/\/exatas.ufpr.br\/ensalamento\/\" target=\"_blank\" rel=\"noopener\" style=\"font-family: var( --e-global-typography-text-font-family ), Sans-serif;font-weight: var( --e-global-typography-text-font-weight )\">https:\/\/exatas.ufpr.br\/ensalamento\/<\/a><br><font color=\"#000000\" face=\"arial, helvetica, sans-serif\" size=\"2\">* Consultar a disponibilidade de vaga na turma interessada via e-mail<\/font><\/div>\n<p><\/p>\t\t\t\t\t\t\t\t<\/div>\n\t\t\t\t<\/div>\n\t\t\t\t\t<\/div>\n\t\t<\/div>\n\t\t\t\t\t<\/div>\n\t\t<\/section>\n\t\t\t\t<\/div>\n\t\t","protected":false},"excerpt":{"rendered":"<p>As matr\u00edculas em disciplinas ISOLADAS e ELETIVAS ocorrer\u00e3o nos dias especificados no Calend\u00e1rio Acad\u00eamico de 15 semanas. Disciplinas Eletivas: ocorrem diretamente no ambiente SIGA e s\u00e3o exclusivas para alunos da UFPR. Disciplinas Isoladas: ocorrem via e-mail secretaria@inf.ufpr.br e s\u00e3o exclusivas para alunos externos \u00e0 UFPR. Nos dias reservados para solicita\u00e7\u00e3o de matr\u00edculas isoladas, conforme calend\u00e1rio&hellip;<\/p>\n","protected":false},"author":5,"featured_media":0,"parent":0,"menu_order":0,"comment_status":"closed","ping_status":"closed","template":"","meta":{"footnotes":""},"class_list":["post-240","page","type-page","status-publish","hentry"],"_links":{"self":[{"href":"https:\/\/web.inf.ufpr.br\/dinf\/index.php?rest_route=\/wp\/v2\/pages\/240","targetHints":{"allow":["GET"]}}],"collection":[{"href":"https:\/\/web.inf.ufpr.br\/dinf\/index.php?rest_route=\/wp\/v2\/pages"}],"about":[{"href":"https:\/\/web.inf.ufpr.br\/dinf\/index.php?rest_route=\/wp\/v2\/types\/page"}],"author":[{"embeddable":true,"href":"https:\/\/web.inf.ufpr.br\/dinf\/index.php?rest_route=\/wp\/v2\/users\/5"}],"replies":[{"embeddable":true,"href":"https:\/\/web.inf.ufpr.br\/dinf\/index.php?rest_route=%2Fwp%2Fv2%2Fcomments&post=240"}],"version-history":[{"count":29,"href":"https:\/\/web.inf.ufpr.br\/dinf\/index.php?rest_route=\/wp\/v2\/pages\/240\/revisions"}],"predecessor-version":[{"id":2389,"href":"https:\/\/web.inf.ufpr.br\/dinf\/index.php?rest_route=\/wp\/v2\/pages\/240\/revisions\/2389"}],"wp:attachment":[{"href":"https:\/\/web.inf.ufpr.br\/dinf\/index.php?rest_route=%2Fwp%2Fv2%2Fmedia&parent=240"}],"curies":[{"name":"wp","href":"https:\/\/api.w.org\/{rel}","templated":true}]}}