{"id":1944,"date":"2023-03-22T12:39:23","date_gmt":"2023-03-22T15:39:23","guid":{"rendered":"https:\/\/web.inf.ufpr.br\/dinf\/?page_id=1944"},"modified":"2026-02-23T12:08:38","modified_gmt":"2026-02-23T15:08:38","slug":"secretaria","status":"publish","type":"page","link":"https:\/\/web.inf.ufpr.br\/dinf\/?page_id=1944","title":{"rendered":"SECRETARIA"},"content":{"rendered":"\t\t<div data-elementor-type=\"wp-page\" data-elementor-id=\"1944\" class=\"elementor elementor-1944\">\n\t\t\t\t\t\t<section class=\"elementor-section elementor-top-section elementor-element elementor-element-3a7158a5 elementor-section-boxed elementor-section-height-default elementor-section-height-default\" data-id=\"3a7158a5\" data-element_type=\"section\" data-e-type=\"section\">\n\t\t\t\t\t\t<div class=\"elementor-container elementor-column-gap-default\">\n\t\t\t\t\t<div class=\"elementor-column elementor-col-100 elementor-top-column elementor-element elementor-element-819a1bd\" data-id=\"819a1bd\" data-element_type=\"column\" data-e-type=\"column\">\n\t\t\t<div class=\"elementor-widget-wrap elementor-element-populated\">\n\t\t\t\t\t\t<div class=\"elementor-element elementor-element-53515b95 elementor-widget elementor-widget-text-editor\" data-id=\"53515b95\" data-element_type=\"widget\" data-e-type=\"widget\" data-widget_type=\"text-editor.default\">\n\t\t\t\t<div class=\"elementor-widget-container\">\n\t\t\t\t\t\t\t\t\t<p><\/p>\n<h2 class=\"wp-block-heading\">CHEFIA<\/h2>\n<p><\/p>\n<p><strong>Chefe:&nbsp;<\/strong><span style=\"color: var( --e-global-color-text );font-family: var( --e-global-typography-text-font-family ), Sans-serif;font-weight: var( --e-global-typography-text-font-weight )\">Prof. Dr. Andr\u00e9 Ricardo Abed Gr\u00e9gio<\/span><\/p>\n<p><\/p>\n<p><strong>Suplente: <\/strong>Prof. Dr. Paulo Ricardo Lisboa de Almeida<\/p>\n<p><\/p>\n<p><strong>Secret\u00e1rio:<\/strong> Otavio Theobaldo<\/p>\n<p><\/p>\n<p><a href=\"mailto:chefia@inf.ufpr.br\">s<\/a>ecretaria@inf.ufpr.br<\/p>\n<p><\/p>\n<h2 class=\"wp-block-heading\">RECEP\u00c7\u00c3O<\/h2>\n<p><\/p>\n<p>Rafael Jesus Jos\u00e9 de Souza<\/p>\n<p><\/p>\n<p>Raquel Leoni Gon\u00e7alves<\/p>\n<p><\/p>\n<p>Valter Cesar da Silva<\/p>\n<p><\/p>\n<p><strong>Fone: (41) 3361-3031<\/strong><\/p>\n<p><\/p>\n<p><a href=\"mailto:recepcao@inf.ufpr.br\">recepcao@inf.ufpr.br<\/a><\/p>\n<p><\/p>\n<p>Hor\u00e1rio de atendimento: 7h \u00e0s 22h.<\/p>\n<p><\/p>\n<h2 class=\"wp-block-heading\">SECRETARIA DA COORDENA\u00c7\u00c3O CCOMP E IBM<\/h2>\n<p><\/p>\n<p>Julyana Ferreira<\/p><p><strong>Fone: (41) 3361-3572<\/strong><\/p>\n<p><\/p>\n<p><a href=\"mailto:secretaria@inf.ufpr.br\"><strong>i<\/strong>bm@inf.ufpr.br<\/a><\/p>\n<p><\/p>\n<p><a href=\"mailto:bcc@inf.ufpr.br\">bcc@inf.ufpr.br<\/a><\/p>\n<p><\/p>\n<p>Hor\u00e1rio de atendimento: 08h \u00e0s 20h<\/p>\n<p><\/p>\n<h2 class=\"wp-block-heading\">SUPORTE EM T.I.<\/h2>\n<p><\/p>\n<p>Elisabete Ferreira<\/p>\n<p><\/p>\n<p><strong>Fone: (41) 3361-3410<\/strong><\/p>\n<p><\/p>\n<p><a href=\"mailto:suporte@inf.ufpr.br\">suporte@inf.ufpr.br<\/a><\/p>\n<p><\/p>\n<p>Hor\u00e1rio de atendimento: 7h45 \u00e0s 12h e 13h \u00e0s 16h45<\/p>\n<p><\/p>\t\t\t\t\t\t\t\t<\/div>\n\t\t\t\t<\/div>\n\t\t\t\t\t<\/div>\n\t\t<\/div>\n\t\t\t\t\t<\/div>\n\t\t<\/section>\n\t\t\t\t<\/div>\n\t\t","protected":false},"excerpt":{"rendered":"<p>CHEFIA Chefe:&nbsp;Prof. Dr. Andr\u00e9 Ricardo Abed Gr\u00e9gio Suplente: Prof. Dr. Paulo Ricardo Lisboa de Almeida Secret\u00e1rio: Otavio Theobaldo secretaria@inf.ufpr.br RECEP\u00c7\u00c3O Rafael Jesus Jos\u00e9 de Souza Raquel Leoni Gon\u00e7alves Valter Cesar da Silva Fone: (41) 3361-3031 recepcao@inf.ufpr.br Hor\u00e1rio de atendimento: 7h \u00e0s 22h. SECRETARIA DA COORDENA\u00c7\u00c3O CCOMP E IBM Julyana Ferreira Fone: (41) 3361-3572 ibm@inf.ufpr.br bcc@inf.ufpr.br&hellip;<\/p>\n","protected":false},"author":63,"featured_media":0,"parent":0,"menu_order":0,"comment_status":"closed","ping_status":"closed","template":"","meta":{"footnotes":""},"class_list":["post-1944","page","type-page","status-publish","hentry"],"_links":{"self":[{"href":"https:\/\/web.inf.ufpr.br\/dinf\/index.php?rest_route=\/wp\/v2\/pages\/1944","targetHints":{"allow":["GET"]}}],"collection":[{"href":"https:\/\/web.inf.ufpr.br\/dinf\/index.php?rest_route=\/wp\/v2\/pages"}],"about":[{"href":"https:\/\/web.inf.ufpr.br\/dinf\/index.php?rest_route=\/wp\/v2\/types\/page"}],"author":[{"embeddable":true,"href":"https:\/\/web.inf.ufpr.br\/dinf\/index.php?rest_route=\/wp\/v2\/users\/63"}],"replies":[{"embeddable":true,"href":"https:\/\/web.inf.ufpr.br\/dinf\/index.php?rest_route=%2Fwp%2Fv2%2Fcomments&post=1944"}],"version-history":[{"count":13,"href":"https:\/\/web.inf.ufpr.br\/dinf\/index.php?rest_route=\/wp\/v2\/pages\/1944\/revisions"}],"predecessor-version":[{"id":2641,"href":"https:\/\/web.inf.ufpr.br\/dinf\/index.php?rest_route=\/wp\/v2\/pages\/1944\/revisions\/2641"}],"wp:attachment":[{"href":"https:\/\/web.inf.ufpr.br\/dinf\/index.php?rest_route=%2Fwp%2Fv2%2Fmedia&parent=1944"}],"curies":[{"name":"wp","href":"https:\/\/api.w.org\/{rel}","templated":true}]}}