{"id":51,"date":"2020-03-05T10:22:37","date_gmt":"2020-03-05T13:22:37","guid":{"rendered":"http:\/\/web.inf.ufpr.br\/bona\/?page_id=51"},"modified":"2021-08-12T15:17:38","modified_gmt":"2021-08-12T18:17:38","slug":"seminarios-em-informatica","status":"publish","type":"page","link":"https:\/\/web.inf.ufpr.br\/bona\/seminarios-em-informatica\/","title":{"rendered":"Semin\u00e1rios Integrados"},"content":{"rendered":"<p>Nesta p\u00e1gina ser\u00e3o divulgadas as atividades de semin\u00e1rios para o PPGInf.&nbsp;&nbsp; Para ser aprovado na disciplina o aluno deve apresentar uma resenha de pelo menos 12 semin\u00e1rios. <br>Aberta a primeira janela de envio das 12 resenhas (enviar em um \u00fanico arquivo) para o email bona@inf com o assunto: SEMINARIOS seu nome <br><strong>Prazo 20 de Agosto<\/strong><\/p>\n<ul>\n<li>Podem ser consideradas para resenhas as defesas de qualifica\u00e7\u00e3o, disserta\u00e7\u00e3o ou tese tanto de mestrado como doutorado. O calend\u00e1rio e links est\u00e3o em: <a href=\"http:\/\/www.prppg.ufpr.br\/site\/ppginformatica\/pb\/category\/Defesas\/\">http:\/\/www.prppg.ufpr.br\/site\/ppginformatica\/pb\/category\/Defesas\/<\/a><\/li>\n<li><img fetchpriority=\"high\" decoding=\"async\" src=\"https:\/\/webmail.inf.ufpr.br\/?_task=mail&amp;_action=get&amp;_mbox=INBOX&amp;_uid=239891&amp;_token=HeLxVVpOpvTy5sBXxU8Pc4zI1drG39yR&amp;_part=2&amp;_embed=1&amp;_mimeclass=image\" alt=\"Transpint_19-08-21.jpg\" width=\"457\" height=\"383\"><\/li>\n<li>Quarta-feira \u00e0s 19h lives em data science (para efeitos de avalia\u00e7\u00e3o ser\u00e3o consideradas at\u00e9 duas resenhas dessa agenda): <a href=\"https:\/\/omegadatascience.com.br\/agenda\">https:\/\/omegadatascience.com.br\/agenda<\/a><\/li>\n<li>26 de julho \u00e0s 10h30m, <strong>Discovery and Application of Data Dependencies, <\/strong>Eduardo Henrique Monteiro Pena, <a href=\"https:\/\/acervodigital.ufpr.br\/handle\/1884\/69387\">tese<\/a>&nbsp; <strong>ganhadora do segundo lugar no concurso de Teses e Disserta\u00e7\u00f5es da SBC<\/strong>. <em>https:\/\/bbb.c3sl.ufpr.br\/b\/lui-gv2-9xx<\/em><\/li>\n<li>19 de julho \u00e0s 10h30m, <strong>Computa\u00e7\u00e3o e Medicina: a transdisciplinaridade na pesquisa em inform\u00e1tica aplicada \u00e0 sa\u00fade, <\/strong>Weber Takaki, Unila.<\/li>\n<li>12 de julho \u00e0s 10h30m, <strong>Computa\u00e7\u00e3o Qu\u00e2ntica, <\/strong>Murilo V. G. da Silva, Professor DINF\/<em>PPGInf\/UFPR. (<a href=\"https:\/\/bbb.c3sl.ufpr.br\/b\/lui-gv2-9xx\">https:\/\/bbb.c3sl.ufpr.br\/b\/lui-gv2-9xx<\/a>)<img decoding=\"async\" class=\"alignnone  wp-image-283\" src=\"http:\/\/web.inf.ufpr.br\/bona\/wp-content\/uploads\/sites\/28\/2021\/06\/udesc-245x300.jpeg\" alt=\"\" width=\"577\" height=\"707\" srcset=\"https:\/\/web.inf.ufpr.br\/bona\/wp-content\/uploads\/sites\/28\/2021\/06\/udesc-245x300.jpeg 245w, https:\/\/web.inf.ufpr.br\/bona\/wp-content\/uploads\/sites\/28\/2021\/06\/udesc-837x1024.jpeg 837w, https:\/\/web.inf.ufpr.br\/bona\/wp-content\/uploads\/sites\/28\/2021\/06\/udesc-768x940.jpeg 768w, https:\/\/web.inf.ufpr.br\/bona\/wp-content\/uploads\/sites\/28\/2021\/06\/udesc.jpeg 1046w\" sizes=\"(max-width: 577px) 100vw, 577px\" \/><\/em><\/li>\n<li>05 de julho \u00e0s 10h30m, <strong>Pesquisa-A\u00e7\u00e3o: Oportunidade de Colabora\u00e7\u00e3o entre Academia e Ind\u00fastria, K<\/strong>atia Romero Felizardo Scannavino, PPGI-UTFPR-CP, <em>(<a href=\"https:\/\/bbb.c3sl.ufpr.br\/b\/lui-gv2-9xx\">https:\/\/bbb.c3sl.ufpr.br\/b\/lui-gv2-9xx<\/a>)<\/em><\/li>\n<li>28 de junho \u00e0s 10h30m,<strong><em> Pupilometria Din\u00e2mica para Avalia\u00e7\u00e3o do Reflexo Foto Motor na Detec\u00e7\u00e3o da Neuropatia Auton\u00f4mica Diab\u00e9tica e Rela\u00e7\u00e3o<\/em><\/strong><em> Glic\u00eamica,<\/em> Beatriz L. Bonafini (UFPR),&nbsp; finalista&nbsp; do Pr\u00eamio Artur Ziviani de Teses e Disserta\u00e7\u00f5es, antes chamado Concurso de Teses e Disserta\u00e7\u00f5es do Simp\u00f3sio Brasileiro de Computa\u00e7\u00e3o Aplicada \u00e0 Sa\u00fade (CTD-SBCAS) <em>. (<a href=\"https:\/\/bbb.c3sl.ufpr.br\/b\/lui-gv2-9xx\">https:\/\/bbb.c3sl.ufpr.br\/b\/lui-gv2-9xx<\/a>)<\/em><\/li>\n<li>21 de junho \u00e0s 10h30m, <strong>An\u00e1lise de redes, Internet e democracia, <\/strong>Jo\u00e3o Guilherme Bastos dos Santos, P\u00f3s-doc no Instituto Nacional de Ci\u00eancia e Tecnologia em Democracia Digital (INCT.DD) <em> (<a href=\"https:\/\/bbb.c3sl.ufpr.br\/b\/lui-gv2-9xx\">https:\/\/bbb.c3sl.ufpr.br\/b\/lui-gv2-9xx<\/a>)<\/em><\/li>\n<li><img decoding=\"async\" class=\"alignnone  wp-image-261\" src=\"http:\/\/web.inf.ufpr.br\/bona\/wp-content\/uploads\/sites\/28\/2021\/05\/Event-announcement-poster15-Juni-2021_v2-300x169.png\" alt=\"\" width=\"873\" height=\"492\" srcset=\"https:\/\/web.inf.ufpr.br\/bona\/wp-content\/uploads\/sites\/28\/2021\/05\/Event-announcement-poster15-Juni-2021_v2-300x169.png 300w, https:\/\/web.inf.ufpr.br\/bona\/wp-content\/uploads\/sites\/28\/2021\/05\/Event-announcement-poster15-Juni-2021_v2-1024x576.png 1024w, https:\/\/web.inf.ufpr.br\/bona\/wp-content\/uploads\/sites\/28\/2021\/05\/Event-announcement-poster15-Juni-2021_v2-768x432.png 768w, https:\/\/web.inf.ufpr.br\/bona\/wp-content\/uploads\/sites\/28\/2021\/05\/Event-announcement-poster15-Juni-2021_v2.png 1280w\" sizes=\"(max-width: 873px) 100vw, 873px\" \/><\/li>\n<li>14 de junho \u00e0s 10h30m, <strong>LGPD &#8211; desafios t\u00e9cnicos e jur\u00eddicos, <\/strong>Eduardo Oliveira Agustinho, Diretor iPUCPR, e Prof. PUCPR; Cinthia Obladen Freitas,&nbsp; Profa. PUCPR (<a href=\"https:\/\/bbb.c3sl.ufpr.br\/b\/lui-gv2-9xx\">https:\/\/bbb.c3sl.ufpr.br\/b\/lui-gv2-9xx<\/a>)<\/li>\n<li>07 de junho \u00e0s 10h30m, <strong>Identifying Evidences of Computer Programming Skills Through Automatic Source Code Evaluation, <\/strong>Andres Porfirio, <a href=\"http:\/\/www.prppg.ufpr.br\/ppginformatica\/index.php\/2020\/11\/30\/concurso-alexandre-direne-de-teses-e-dissertacoes-3-premios-para-o-ppginf\/?lang=pb\">Pr\u00eamio Melhor Tese em Inform\u00e1tica na Educa\u00e7\u00e3o,<\/a> <a href=\"https:\/\/acervodigital.ufpr.br\/handle\/1884\/67208\">Texto da Tese.&nbsp;&nbsp;<\/a>(<a href=\"https:\/\/bbb.c3sl.ufpr.br\/b\/lui-gv2-9xx\">https:\/\/bbb.c3sl.ufpr.br\/b\/lui-gv2-9xx<\/a>)<\/li>\n<li>01 de junho, das 14:00-16:00, Programa de P\u00f3s-Gradua\u00e7\u00e3o em Matem\u00e1tica da UFPR, <strong>Mathematical Modelling of Extreme Weather and Climate Events, <\/strong>Dr Melinda Galfi (Department of Earth Sciences, Uppsala University, Sweden). P<span style=\"font-family: arial, sans-serif\">reencher &nbsp; formul\u00e1rio&nbsp; &nbsp;&lt;<a href=\"https:\/\/forms.gle\/vkj6ZqaSwwwRnNu16\" target=\"_blank\" rel=\"noopener noreferrer\">https:\/\/forms.gle\/vkj6ZqaSwwwRnNu16<\/a>&gt;<\/span><\/li>\n<li>31 de maio \u00e0s 10h30m,<b> Identifica\u00e7\u00e3o dos atributos relevantes em um banco de dados de s\u00edndrome respirat\u00f3ria aguda por meio da minera\u00e7\u00e3o de dados levando em considera\u00e7\u00e3o o Corona V\u00edrus<\/b>, Dayana Carla de Macedo, <em>Pos-Doc\/PPGInf.<\/em>&nbsp; (<a href=\"https:\/\/bbb.c3sl.ufpr.br\/b\/lui-gv2-9xx\">https:\/\/bbb.c3sl.ufpr.br\/b\/lui-gv2-9xx<\/a>)<\/li>\n<li>25 de maio \u00e0s 17h00m, <strong>Webinar: &#8216;Inova\u00e7\u00e3o e Gest\u00e3o da Pesquisa e Desenvolvimento (PES), <\/strong><a href=\"https:\/\/www.sympla.com.br\/encontros-mgpdi---webinar-inovacao-e-gestao-da-pesquisa-e-desenvolvimento-pes__1214480\">https:\/\/www.sympla.com.br\/encontros-mgpdi&#8212;webinar-inovacao-e-gestao-da-pesquisa-e-desenvolvimento-pes__1214480<\/a><\/li>\n<li>17 de maio \u00e0s 10h30m,<strong> Aula Inaugural e Apresenta\u00e7\u00e3o do Programa,<\/strong> Luis C. E. Bona, <em>PPGInf\/UFPR<\/em>&nbsp; (<a href=\"https:\/\/bbb.c3sl.ufpr.br\/b\/lui-gv2-9xx\">https:\/\/bbb.c3sl.ufpr.br\/b\/lui-gv2-9xx<\/a>)<\/li>\n<\/ul>\n<p><img loading=\"lazy\" decoding=\"async\" src=\"http:\/\/web.inf.ufpr.br\/bona\/wp-content\/uploads\/sites\/28\/2021\/04\/05maio-723x1024.jpeg\" alt=\"\" width=\"660\" height=\"935\"><\/p>\n<p><\/p>\n\n\n<p><\/p>\n<h2>Semin\u00e1rios Anteriores<\/h2>\n<p><\/p>\n\n\n<p><\/p>\n\n\n<\/p>\n<p>25 de maio \u00e0s 10h30m, <strong>COVID-19 &#8211; Conceitos de epidemiologia<\/strong>,<em> Bernardo Montesanti Machado de Almeida<\/em>, Medico infectologista da Unidade de Vigilancia em Sa\u00fade do CHC\/UFPR.<\/p>\n<p>\n\n\n<p><\/p>\n\n\n<\/p>\n<p>\n\n\n<p><\/p>\n\n\n<\/p>\n<p>28 de maio \u00e0s 15h30m, PPGFIS &#8211; UFPR,<strong> Fortes correla\u00e7\u00f5es entre o crescimento (tipo Lei de Pot\u00eancia) da COVID-19 em quatro continentes e a inefici\u00eancia das estrat\u00e9gias suaves de quare-ntena<\/strong>, <em>Marcus Beims, Departamento de F\u00edsica da UFPR.<\/em> (instru\u00e7\u00f5es de acesso deste semin\u00e1rio: <a href=\"https:\/\/www.facebook.com\/seminariosPPGF.UFPR\/?tn=kC-R&amp;eid=ARCIqMWSY92c6FRgGpLG5XGXsgjS0VTzIe5YSe73U57mDYK0eIjMBkQnJJI-BmgsxnseGNb6w3wAqNQt&amp;hc_ref=ARTVngXNZUrcrQxLYcYAeO_no38qin0HraIfPzi0ugwjZhpqBERZizljeotnzQ0dJug&amp;fref=nf&amp;\">https:\/\/www.facebook.com\/seminariosPPGF.UFPR<\/a><\/p>\n<p>\n\n\n<p><\/p>\n\n\n<\/p>\n<p>29 de maio \u00e0s 16h00m, PPGM\/PPGINF &#8211; UFPR, <strong>Overview das pesquisas multidisciplinares do Setor de Exatas em \u00e9poca de pandemia<\/strong>, Marcos Sunye, Departamento de Inform\u00e1tica da UFPR. (<a href=\"https:\/\/bbb.c3sl.ufpr.br\/b\/lui-gv2-9xx\">https:\/\/bbb.c3sl.ufpr.br\/b\/lui-gv2-9xx<\/a>)<\/p>\n<p>\n\n\n<p><\/p>\n<p>01 de junho \u00e0s 10h30m, <strong>Mulheres nas Ci\u00eancias: a\u00e7\u00f5es de Pesquisa e Extens\u00e3o<\/strong>, <em>Camila Silveira da Silva, <\/em>Professora do Departamento de Qu\u00edmica da UFPR (<a href=\"https:\/\/bbb.c3sl.ufpr.br\/b\/lui-gv2-9xx\">https:\/\/bbb.c3sl.ufpr.br\/b\/lui-gv2-9xx<\/a>).<\/p>\n<p><\/p>\n<p>01 de junho \u00e0s 13h30m, PPGComp-Unioeste\/Cascavel, <strong>Software Modernization, <\/strong><em>Wesley Klewerton, <\/em><a href=\"https:\/\/meet.jit.si\/SeminariosPPGComp\">https:\/\/meet.jit.si\/SeminariosPPGComp<\/a><\/p>\n<p><\/p>\n<p>05 de junho \u00e0s 10h30m, <strong>Ligados pela linguagem: di\u00e1logos poss\u00edveis (e necess\u00e1rios) entre linguistas e cientistas de computa\u00e7\u00e3o<\/strong>, <em>Adelaide H. Pescatori Silva<\/em>, Professora do Departamento de Letras UFPR e p\u00f3s-doc PPGInf. (<a href=\"https:\/\/bbb.c3sl.ufpr.br\/b\/lui-gv2-9xx\">https:\/\/bbb.c3sl.ufpr.br\/b\/lui-gv2-9xx<\/a>)<\/p>\n<p><\/p>\n<p><a href=\"https:\/\/web.inf.ufpr.br\/bona\/wp-content\/uploads\/sites\/28\/2020\/06\/apresentacao-seminarios-ppgdinf_05-06.pdf\">apresentacao-seminarios-ppgdinf_05-06<\/a><a href=\"https:\/\/web.inf.ufpr.br\/bona\/wp-content\/uploads\/sites\/28\/2020\/06\/apresentacao-seminarios-ppgdinf_05-06.pdf\">Baixar<\/a><\/p>\n<p><\/p>\n<p>05 de junho \u00e0s 16h00m, <strong>Dan\u00e7ando com rob\u00f4s: planejamento autom\u00e1tico<\/strong> <strong>de mitiga\u00e7\u00e3o intermitente para Covid-19, <\/strong><em>Paulo J.S. Silva, <\/em>IMECC-Unicamp. <a href=\"https:\/\/join.skype.com\/yzxc1nhqxAkZ\">https:\/\/join.skype.com\/yzxc1nhqxAkZ<\/a><\/p>\n<p><\/p>\n<figure><img decoding=\"async\" src=\"https:\/\/web.inf.ufpr.br\/bona\/wp-content\/uploads\/sites\/28\/2020\/06\/live_PauloJSSilva-1024x670.jpeg\" alt=\"\"><\/figure>\n<p><\/p>\n<p>08 de junho \u00e0s 10h30m, <strong>Valida\u00e7\u00e3o de Sistema de Aprendizado de M\u00e1quinas para aux\u00edlio ao diagn\u00f3stico do COVID-19 baseado em imagens tor\u00e1cicas de arquivo radiol\u00f3gico<\/strong>, <em>David Menotti,<\/em> Professor do Departamento de Inform\u00e1tica da UFPR. (<a href=\"https:\/\/bbb.c3sl.ufpr.br\/b\/lui-gv2-9xx\">https:\/\/bbb.c3sl.ufpr.br\/b\/lui-gv2-9xx<\/a>) Slides: <a href=\"http:\/\/www.inf.ufpr.br\/menotti\/downloads\/2020-PPGInf-UFPR-1.pdf\">http:\/\/www.inf.ufpr.br\/menotti\/downloads\/2020-PPGInf-UFPR-1.pdf<\/a> <a href=\"http:\/\/ http:\/\/www.inf.ufpr.br\/menotti\/downloads\/2020-PPGInf-UFPR-2.pdf\"> http:\/\/www.inf.ufpr.br\/menotti\/downloads\/2020-PPGInf-UFPR-2.pdf <\/a><\/p>\n<p><\/p>\n<p>19 de junho \u00e0s 10h30m, <strong><a href=\"https:\/\/coronavirus.dadosecausas.org\/posts\/impacto-economico-da-covid-19-no-brasil-podemos-culpar-o-isolamento-social\">Impacto econ\u00f4mico da COVID-19 no Brasil: podemos culpar o isolamento social?<\/a><\/strong> , <em>Luis Celso Gomes<\/em>, Professor DAINF\/UTFPR. <a href=\"https:\/\/bbb.c3sl.ufpr.br\/b\/lui-gv2-9xx\">https:\/\/bbb.c3sl.ufpr.br\/b\/lui-gv2-9x<\/a><\/p>\n<p><\/p>\n<p>22 de junho \u00e0s 13h30, PPGComp-Unioeste\/Cascavel, <strong>Classifica\u00e7\u00e3o autom\u00e1tica de c\u00e2ncer de mama a partir de imagens histopatol\u00f3gicas<\/strong>, <em>F\u00e1bio Spanhol<\/em>. <a href=\"https:\/\/meet.jit.si\/SeminariosPPGComp\">https:\/\/meet.jit.si\/SeminariosPPGComp<\/a><\/p>\n<p><\/p>\n<p>26 de junho \u00e0s 10h30m, <strong>Greenfield: Pesquisa cient\u00edfica em recursos minerais, energia e meio ambiente.<\/strong> Leonardo Cury, Professor Geologia\/LAMIR UFPR. <a href=\"https:\/\/bbb.c3sl.ufpr.br\/b\/lui-gv2-9xx\">https:\/\/bbb.c3sl.ufpr.br\/b\/lui-gv2-9xx<\/a><\/p>\n<p><\/p>\n<p>29 de junho \u00e0s 13h30m, PPGComp-Unioeste\/Cascavel, <strong>Internet das Coisas e Cidades Inteligentes<\/strong>m, <em>M\u00e1rcio Oyamada.<\/em> <a href=\"https:\/\/meet.jit.si\/SeminariosPPGComp\">https:\/\/meet.jit.si\/SeminariosPPGComp<\/a><\/p>\n<p><\/p>\n<p>06 de julho \u00e0s 13h30m, PPGComp-Unioeste\/Cascavel, <strong>Computa\u00e7\u00e3o Paralela: Por que preciso saber sobre isso?<\/strong>, <em>Guilherme Galante<\/em>. <a href=\"https:\/\/meet.jit.si\/SeminariosPPGComp\">https:\/\/meet.jit.si\/SeminariosPPGComp<\/a><\/p>\n<p><\/p>\n<p>09 de julho \u00e0s 19h, <a href=\"http:\/\/ https:\/\/cidamo.com.br\/eventos\/\"> CIDAMO\/UFPR<\/a>, <strong>An\u00e1lise Estat\u00edstica para Avaliar o Desempenho<br>de Atletas de Futebol Profissional<\/strong>, <em>Cau\u00ea Guimar\u00e3es<\/em> (EBANX) e <strong>Ci\u00eancia de Redes em Ci\u00eancia de Dados: Desafios<\/strong><em>,Artur Ziviani, <\/em>Professor do LNCC. <a href=\"https:\/\/youtube.com\/AbelSiqueira\">https:\/\/youtube.com\/AbelSiqueira<\/a><\/p>\n<p><\/p>\n<p>13 de julho \u00e0s 10h30m, <strong>Preceito para os dias atuais: tenha um prop\u00f3sito imbat\u00edvel<\/strong>, Textos base: <a href=\"http:\/\/horizontes.sbc.org.br\/index.php\/2020\/04\/18\/preceito-para-os-dias-atuais\/\" target=\"_blank\" rel=\"noreferrer noopener\">http:\/\/horizontes.sbc.org.br\/index.php\/2020\/04\/18\/preceito-para-os-dias-atuais\/<\/a>, <em>Linnyer Beatrys Ruiz Aylon<\/em>. Professora na UEM. <a href=\"https:\/\/bbb.c3sl.ufpr.br\/b\/lui-gv2-9xx\" target=\"_blank\" rel=\"noreferrer noopener\">https:\/\/bbb.c3sl.ufpr.br\/b\/lui-gv2-9xx<\/a><\/p>\n<p><\/p>\n<p>17 de julho \u00e0s 16h00m, <strong>A extraordin\u00e1ria Ferramenta da Resson\u00e2ncia Magn\u00e9tica Nuclear<\/strong>, <em>Andersson Barison \u2013 DQUI\/UFPR.<\/em> <a href=\"https:\/\/bbb.c3sl.ufpr.br\/b\/lui-gv2-9xx\">https:\/\/bbb.c3sl.ufpr.br\/b\/lui-gv2-9xx<\/a><\/p>\n<p><\/p>\n<p>20 de julho \u00e0s 10h30m, <strong><a href=\"https:\/\/www.fun-campus.fr\/courses\/course-v1:ParisSaclay+71004SP+SPOC_STIC_20_2\/about\">Ethics and STICs<\/a>,<\/strong>&nbsp; <em>Thomas Baudel, IBM Research &#8211; Franca,<\/em> <a href=\"https:\/\/bbb.c3sl.ufpr.br\/b\/lui-gv2-9xx\">https:\/\/bbb.c3sl.ufpr.br\/b\/lui-gv2-9xx<\/a><\/p>\n<p>24 de julho \u00e0s 13h30m, <strong>Princ\u00edpios da Educa\u00e7\u00e3o Online,<\/strong> Mariano Pimentel, Professor na UNIRIO e editor da coluna Educa\u00e7\u00e3o da SBC Horizontes. Transmiss\u00e3o via Canal Youtube da Sociedade Brasileira de Computa\u00e7\u00e3o: <a href=\"https:\/\/www.youtube.com\/watch?v=BDUJvwlrUJY\" target=\"_blank\" rel=\"noopener noreferrer\">https:\/\/www.youtube.com\/watch?v=BDUJvwlrUJY<\/a><\/p>\n<p><\/p>\n<p>24 de julho \u00e0s 16h00m, PPGM (Matem\u00e1tica), Linha de Pesquisa: Equa\u00e7\u00f5es Diferenciais com Aplica\u00e7\u00f5es, <a href=\"https:\/\/meet.google.com\/wcq-ofpq-whm?authuser=0\">https:\/\/meet.google.com\/wcq-ofpq-whm?authuser=0<\/a><\/p>\n<p><\/p>\n<p>27 de julho \u00e0s 10h30m, <strong>Revis\u00e3o Sistem\u00e1tica de Literatura<\/strong>, <em>Katia Romero Felizardo<\/em>, Professora na UTFPR-Corn\u00e9lio Proc\u00f3pio. <a href=\"https:\/\/bbb.c3sl.ufpr.br\/b\/lui-gv2-9xx\" target=\"_blank\" rel=\"noreferrer noopener\">https:\/\/bbb.c3sl.ufpr.br\/b\/lui-gv2-9xx<\/a><\/p>\n<p><\/p>\n<p><a href=\"https:\/\/web.inf.ufpr.br\/bona\/wp-content\/uploads\/sites\/28\/2020\/07\/SecondaryStudies-Felizardo.pdf\">Slides apresenta\u00e7\u00e3o prof. Katia<\/a><a href=\"https:\/\/web.inf.ufpr.br\/bona\/wp-content\/uploads\/sites\/28\/2020\/07\/SecondaryStudies-Felizardo.pdf\">Baixar<\/a><\/p>\n<p><\/p>\n<p>31 de julho \u00e0s 16h00m, PPGM (Matem\u00e1tica), Linha de Pesquisa: Geometria e Topologia, <a href=\"https:\/\/meet.google.com\/wcq-ofpq-whm?authuser=0\">https:\/\/meet.google.com\/wcq-ofpq-whm?authuser=0<\/a><\/p>\n<p><\/p>\n<p>03 de agosto \u00e0s 10h30m, <strong>Design Socialmente Consciente de Sistemas Computacionais<\/strong>, <em>Cecilia Baranauskas<\/em>, IC\/UNICAMP. <a href=\"https:\/\/bbb.c3sl.ufpr.br\/b\/lui-gv2-9xx\">https:\/\/bbb.c3sl.ufpr.br\/b\/lui-gv2-9xx<\/a><\/p>\n<p><\/p>\n<p>07 de agosto \u00e0s 16h00m, PPGM (Matem\u00e1tica), Grafos e Aplica\u00e7\u00f5es, Leonardo Silva de Lima, <a href=\"https:\/\/meet.google.com\/wcq-ofpq-whm?authuser=0\">https:\/\/meet.google.com\/wcq-ofpq-whm?authuser=0<\/a><\/p>\n<p><\/p>\n<p>10 de agosto \u00e0s 13h30m, <strong>Inclusividade e Comportamento em Comunidades Open Source<\/strong>, <em><a href=\"http:\/\/www.igor.pro.br\/\" target=\"_blank\" rel=\"noreferrer noopener\" aria-label=\"Igor Steinmacher (opens in a new tab)\">Igor Steinmacher<\/a><\/em>, Professor na <a href=\"http:\/\/nau.edu\/SICCS\/\" target=\"_blank\" rel=\"noreferrer noopener\">Northern Arizona University<\/a>, e na UTFPR-Campo Mour\u00e3o. <a href=\"https:\/\/bbb.c3sl.ufpr.br\/b\/lui-gv2-9xx\" target=\"_blank\" rel=\"noopener noreferrer\">https:\/\/bbb.c3sl.ufpr.br\/b\/lui-gv2-9xx<\/a><\/p>\n<p><\/p>\n<p>10 de agosto \u00e0s 18H00m, <strong>Excel\u00eancia em Pesquisa em Computa\u00e7\u00e3o<\/strong>, Painel 1 UFF, <a href=\"http:\/\/ev-ppgc.ic.uff.br\/2020-2\/paineis.html\">http:\/\/ev-ppgc.ic.uff.br\/2020-2\/paineis.html<\/a><\/p>\n<p><\/p>\n<p>11 de agosto \u00e0s 18H00m, <strong>A Inova\u00e7\u00e3o em Computa\u00e7\u00e3o Aplicada \u00e0 Ind\u00fastria<\/strong>, Painel 2 UFF, <a href=\"http:\/\/ev-ppgc.ic.uff.br\/2020-2\/paineis.html\">http:\/\/ev-ppgc.ic.uff.br\/2020-2\/paineis.html<\/a><\/p>\n<p><\/p>\n<p>12 de agosto \u00e0s 18H00m, <strong>Desafios da Computa\u00e7\u00e3o no Cen\u00e1rio de Cidades Inteligentes<\/strong>, Painel 3 UFF, <a href=\"http:\/\/ev-ppgc.ic.uff.br\/2020-2\/paineis.html\">http:\/\/ev-ppgc.ic.uff.br\/2020-2\/paineis.html<\/a><\/p>\n<p><\/p>\n<p>13 de agosto \u00e0s 18H00m, <strong>Aplica\u00e7\u00f5es e Desafios de Pesquisa na Computa\u00e7\u00e3o em Nuvem e Alto Desempenho<\/strong>, Painel 4 UFF, <a href=\"http:\/\/ev-ppgc.ic.uff.br\/2020-2\/paineis.html\">http:\/\/ev-ppgc.ic.uff.br\/2020-2\/paineis.html<\/a><\/p>\n<p><\/p>\n<p>14 de agosto \u00e0s 18H00m,<strong> A Computa\u00e7\u00e3o e a pesquisa aplicada no Combate ao COVID<\/strong>, Painel 5 UFF, <a href=\"http:\/\/ev-ppgc.ic.uff.br\/2020-2\/paineis.html\">http:\/\/ev-ppgc.ic.uff.br\/2020-2\/paineis.html<\/a><\/p>\n<p><\/p>\n<p>14 de agosto \u00e0s 16h00m, PPGM (Matem\u00e1tica), Linha de Pesquisa Otimiza\u00e7\u00e3o, <a href=\"https:\/\/meet.google.com\/wcq-ofpq-whm?authuser=0\">https:\/\/meet.google.com\/wcq-ofpq-whm?authuser=0<\/a><\/p>\n<p><\/p>\n<p>17 de agosto \u00e0s 10h30m, <strong>Xadrez e Educa\u00e7\u00e3o, <\/strong>Prof. Wilson Silva, CEX, <a href=\"https:\/\/bbb.c3sl.ufpr.br\/b\/lui-gv2-9xx\" target=\"_blank\" rel=\"noreferrer noopener\">https:\/\/bbb.c3sl.ufpr.br\/b\/lui-gv2-9xx<\/a><\/p>\n<p><\/p>\n<p>28 de agosto \u00e0s 14:00, <strong>Aprendizagem Colaborativa para dinamizar a sua aula online, <\/strong><em>Mariano Pimentel (UNIRIO) e Felipe Carvalho (UERJ)<\/em>. Live SBC Horizontes: https:\/\/www.youtube.com\/watch?v=e2BIMXumrVQ<\/p>\n<p><\/p>\n<p>31 de agosto \u00e0s 10h30m, <strong>Computa\u00e7\u00e3o Afetiva: aplica\u00e7\u00f5es da an\u00e1lise de sentimentos na tecnologia<\/strong>. <em>Helena Macedo Reis<\/em>, Professora na UFPR Jandaia. <a href=\"https:\/\/bbb.c3sl.ufpr.br\/b\/lui-gv2-9xx\" target=\"_blank\" rel=\"noreferrer noopener\">https:\/\/bbb.c3sl.ufpr.br\/b\/lui-gv2-9xx<\/a><\/p>\n<p><\/p>\n<p>8 de setembro \u00e0s 19:00, Cafez\u00edneos Daniel Pigato (UTFPR Curitiba), <strong>Seguran\u00e7a em Redes e Intelig\u00eancia Artificial: ser\u00e1 que \u2018d\u00e1 match\u2019?<\/strong>, <em>Prof. Lucas Sampaio (UTFPR Corn\u00e9lio Proc\u00f3pio)<\/em>, <a href=\"https:\/\/www.youtube.com\/cafezineos\">https:\/\/www.youtube.com\/cafezineos<\/a><\/p>\n<p><\/p>\n<p>14 de setembro \u00e0s 10h30m, <strong>Conhecimento cient\u00edfico, p\u00f3s-gradua\u00e7\u00e3o e Universidade P\u00fablica no Brasil: elos indissoci\u00e1veis da mesma corrente.<\/strong> <em>Prof. Aldo<\/em> Zarbin (Dep. Qu\u00edmica, UFPR) <a href=\"https:\/\/bbb.c3sl.ufpr.br\/b\/lui-gv2-9xx\" target=\"_blank\" rel=\"noreferrer noopener\">https:\/\/bbb.c3sl.ufpr.br\/b\/lui-gv2-9xx<\/a><\/p>\n<p><\/p>\n<p>21 de setembro \u00e0s 10h30m, <strong>Jogos S\u00e9rios Ativos e Exergames, de fio a pavio!<\/strong> <em>Marcelo da Silva Hounsell<\/em>, Professor na UDESC Joinville. <a href=\"https:\/\/bbb.c3sl.ufpr.br\/b\/lui-gv2-9xx\" target=\"_blank\" rel=\"noreferrer noopener\">https:\/\/bbb.c3sl.ufpr.br\/b\/lui-gv2-9xx<\/a><\/p>\n<p><\/p>\n<p>25 de setembro \u00e0s 10:00, <strong>Contribui\u00e7\u00f5es de IHC para as teorias que fundamentam a Ci\u00eancia da Computa\u00e7\u00e3o<\/strong>. <em>Clarisse de Souza<\/em> (PUC-Rio). Live no Youtube: <a href=\"https:\/\/www.youtube.com\/watch?v=Q_XewQafMCc\">https:\/\/www.youtube.com\/watch?v=Q_XewQafMCc<\/a><\/p>\n<p><\/p>\n<p>28 de setembro \u00e0s 10h30m, <strong>PCI UFPR &amp; UTFPR-CP: o que voc\u00ea precisa saber sobre sua p\u00f3s-gradua\u00e7\u00e3o (boas vindas)<\/strong>. <em>Luis Bona e Roberto Pereira<\/em>, Coordena\u00e7\u00e3o do PPGInf UFPR, e <em>Katia Scannavino e Danilo Sanches<\/em>, Coordena\u00e7\u00e3o do PPGI UTFPR. <a href=\"https:\/\/bbb.c3sl.ufpr.br\/b\/lui-gv2-9xx\" target=\"_blank\" rel=\"noreferrer noopener\">https:\/\/bbb.c3sl.ufpr.br\/b\/lui-gv2-9xx<\/a><\/p>\n<p><\/p>\n<p>6 de outubro \u00e0s 19:00, Cafez\u00edneos Daniel Pigato (UTFPR Curitiba), <strong>Cidades Inteligentes: conceitos, servi\u00e7os e tecnologias <\/strong>, Profa. Keiko Fonseca (UTFPR Curitiba) e o Prof. Ricardo Luders (UTFPR Curitiba), <a href=\"https:\/\/www.youtube.com\/cafezineos\">https:\/\/www.youtube.com\/cafezineos<\/a><\/p>\n<p><\/p>\n<p>19 de outubro \u00e0s 10h30m, <strong>Transforma\u00e7\u00e3o Digital: Uma an\u00e1lise desinformada e superficial dos impressionantes frutos da estrat\u00e9gia do Magazine Luiza<\/strong>, Moises Renato Nunes Ribeiro, Professor da UFES. <a href=\"https:\/\/bbb.c3sl.ufpr.br\/b\/lui-gv2-9xx\" target=\"_blank\" rel=\"noreferrer noopener\">https:\/\/bbb.c3sl.ufpr.br\/b\/lui-gv2-9xx<\/a><\/p>\n<p><\/p>\n<p><a href=\"https:\/\/web.inf.ufpr.br\/bona\/wp-content\/uploads\/sites\/28\/2020\/10\/UFPR_LUIZA_MAGABINE-min.pdf\">Slides da Apresenta\u00e7\u00e3o<\/a><a href=\"https:\/\/web.inf.ufpr.br\/bona\/wp-content\/uploads\/sites\/28\/2020\/10\/UFPR_LUIZA_MAGABINE-min.pdf\">Baixar<\/a><\/p>\n<p><\/p>\n<p>20 de outubro \u00e0s 13h30m, PPGComp UNIOESTE, <strong>A converg\u00eancia entre Intelig\u00eancia Artificial e a Computa\u00e7\u00e3o de Alto Desempenho, <\/strong>Mariza Ferro, Professa do LNCC<\/p>\n<p><\/p>\n<figure><img decoding=\"async\" src=\"https:\/\/web.inf.ufpr.br\/bona\/wp-content\/uploads\/sites\/28\/2020\/10\/UNIOESTE-1024x1024.jpg\" alt=\"\"><\/figure>\n<p><\/p>\n\n\n<\/p>\n<p>22 de outubro de 2020 \u00e0s 19h30m, UFS, <strong>IA &#8211; Ci\u00eancia ou tecnologia?<\/strong> Jugurta Rosa Montalv\u00e3o Filho &#8211; Prof. UFS.<a href=\"https:\/\/meet.google.com\/yjf-dkdt-ymy\">https:\/\/meet.google.com\/yjf-dkdt-ymy<\/a><\/p>\n<p>\n\n\n<p><\/p>\n\n\n<\/p>\n<p>23 de outubro de 2020 \u00e0s 16h00, PPGM &#8211; UFPR, <strong>Li\u00e7\u00f5es que o Atendimento ao Paciente Covid nos Trouxe &#8211; Vis\u00e3o do M\u00e9dico Pneumologista<\/strong>, Dra. Leda Maria Rabelo (UFPR). Para participar inscreva-se, com pelo menos 3 horas de anteced\u00eancia, atrav\u00e9s do formul\u00e1rio <a href=\"https:\/\/forms.gle\/TEBNMXnoANp78HVa8\">https:\/\/forms.gle\/TEBNMXnoANp78HVa8<\/a> (externos ao PPGM)<\/p>\n<p>\n\n\n<p><\/p>\n\n\n<\/p>\n<p>19 de novembro, 3 e 11 de dezembro \u00e0s 11h , Webminar Serrapilheira, Acompanhar para informa\u00e7\u00f5es: <a href=\"https:\/\/twitter.com\/iserrapilheira\">https:\/\/twitter.com\/iserrapilheira<\/a><\/p>\n<p>\n\n\n<p><\/p>\n\n\n<\/p>\n<p>27 de de outubro, PPGComp\/Unioeste \u00e0s 13h30m, Minera\u00e7\u00e3o de Dados em Redes Sociais Online e Aplica\u00e7\u00f5es, <a href=\"https:\/\/meet.jit.si\/SeminariosPPGComp\">https:\/\/meet.jit.si\/SeminariosPPGComp <\/a><\/p>\n<p>\n\n\n<p><\/p>\n\n\n<\/p>\n<figure><img decoding=\"async\" src=\"https:\/\/web.inf.ufpr.br\/bona\/wp-content\/uploads\/sites\/28\/2020\/10\/Seminarios_ppgcomp_27-10-1-1024x1024.jpg\" alt=\"\" \/><\/figure>\n<p>\n\n\n<p><\/p>\n\n\n<\/p>\n<p>28 de outubro, PPGEco\/UFPR \u00e0s 10h, Essa palestra ir\u00e1 discutir quest\u00f5es muito importantes e que podem abalar a confian\u00e7a na ci\u00eancia como replicabilidade, espetaculariza\u00e7\u00e3o, forma de capta\u00e7\u00e3o de recursos, fraude, neglig\u00eancia e qual o papel do comportamento humano no desenvolvimento da ci\u00eancia e sua aceita\u00e7\u00e3o. <em>Dr Ritchie trabalha no Centro de Psiquiatria Social, Gen\u00e9tica e do Desenvolvimento do King\u2019s College de Londres. <\/em> <a href=\"https:\/\/www.youtube.com\/channel\/UCCqn9YuzU-FryJ7s5yyJ8Lw\">https:\/\/www.youtube.com\/channel\/UCCqn9YuzU-FryJ7s5yyJ8Lw<\/a><\/p>\n<p>\n\n\n<p><\/p>\n\n\n<\/p>\n<p>19 de novembro, \u00e0s 11h , Encontros Serrapilheira, <strong>Por que a ci\u00eancia precisa de diversidade<\/strong>, <a href=\"https:\/\/www.youtube.com\/watch?v=V_yVq9IugRs\" target=\"_blank\" rel=\"noreferrer noopener\">https:\/\/www.youtube.com\/watch?v=V_yVq9IugRs<\/a><\/p>\n<p>\n\n\n<p><\/p>\n\n\n<\/p>\n<p>11 de dezembro de 2020, \u00e0s 16h, PPGM, <strong>Por que precisamos de l\u00f3gica na Intelig\u00eancia Artificial<\/strong>, Renata Wassermann (IME-USP), <a href=\"https:\/\/teams.microsoft.com\/l\/channel\/19%3ad368c5d6861e455a99b411df62ff6a29%40thread.tacv2\/Semin%25C3%25A1rios%2520Cont%25C3%25ADnuos%2520PPGM?groupId=30cdb35d-39cc-4963-ad63-c669e9c1d4a6&amp;tenantId=c37b37a3-e9e2-42f9-bc67-4b9b738e1df0\">https:\/\/teams.microsoft.com\/l\/channel\/19%3ad368c5d6861e455a99b411df62ff6a29%40thread.tacv2\/Semin%25C3%25A1rios%2520Cont%25C3%25ADnuos%2520PPGM?groupId=30cdb35d-39cc-4963-ad63-c669e9c1d4a6&amp;tenantId=c37b37a3-e9e2-42f9-bc67-4b9b738e1df0<\/a><br \/>Para participar inscreva-se, com pelo menos 3 horas de anteced\u00eancia, atrav\u00e9s do formul\u00e1rio <a href=\"https:\/\/forms.gle\/TEBNMXnoANp78HVa8\" target=\"_blank\" rel=\"noreferrer noopener\">https:\/\/forms.gle\/TEBNMXnoANp78HVa8<\/a>\u00a0<\/p>\n<p>\n\n\n<p><\/p>\n\n\n<\/p>\n<p>08 de fevereiro de 2021, \u00e0s 10h30m, PPGINF, <strong>Avan\u00e7os no Monitoramento de Neutralidade da Rede<\/strong>, Thiago Garrett, pos-doc PPGInf, <a href=\"https:\/\/bbb.c3sl.ufpr.br\/b\/lui-gv2-9xx\" target=\"_blank\" rel=\"noreferrer noopener\">https:\/\/bbb.c3sl.ufpr.br\/b\/lui-gv2-9xx<\/a><\/p>\n<p>\n\n\n\n\n\n<\/p>\n<p>01 de mar\u00e7o de 2021, \u00e0s 10h30m, PPGINF, <strong>Processamento de Restri\u00e7\u00f5es aplicado a Problemas de Otimiza\u00e7\u00e3o<\/strong>, Guilherme Derenievicz, PPGInf, <a href=\"https:\/\/bbb.c3sl.ufpr.br\/b\/lui-gv2-9xx\" target=\"_blank\" rel=\"noreferrer noopener\">https:\/\/bbb.c3sl.ufpr.br\/b\/lui-gv2-9xx<\/a><\/p>\n<p>\n\n\n\n<\/p>\n<p>15 de mar\u00e7o de 2021, \u00e0s 10h30m, PPGINF, <strong>Scriba &#8211; uma IA aplicada ao ensino de ortografia<\/strong>, Adelaide Pescatori Silva, pos-doc PPGINF, <a href=\"https:\/\/bbb.c3sl.ufpr.br\/b\/lui-gv2-9xx\" target=\"_blank\" rel=\"noreferrer noopener\">https:\/\/bbb.c3sl.ufpr.br\/b\/lui-gv2-9xx<\/a><\/p>\n<p>\n\n\n\n<\/p>\n<p>15 de mar\u00e7o de 2021, \u00e0s 19h00m, PPGComp Unioeste,<strong> O que \u00e9, e para que serve, a minera\u00e7\u00e3o de processos<\/strong>, Sarajane Marques Peres (EACH-USP), <a href=\"https:\/\/conferenciaweb.rnp.br\/events\/seminario-ppgcomp\">https:\/\/conferenciaweb.rnp.br\/events\/seminario-ppgcomp<\/a><\/p>\n<p>29 de mar\u00e7o de 2021, \u00e0s 10h30m, PPGINF, <b>Ger\u00eancia de estacionamentos por vis\u00e3o: novos desafios e protocolos, <\/b>Paulo Ricardo Lisboa de Almeida (UFPR\/DINF) <a href=\"https:\/\/bbb.c3sl.ufpr.br\/b\/lui-gv2-9xx\" target=\"_blank\" rel=\"noreferrer noopener\">https:\/\/bbb.c3sl.ufpr.br\/b\/lui-gv2-9xx<\/a><\/p>\n<p><img decoding=\"async\" src=\"https:\/\/web.whatsapp.com\/9c845e51-be0d-4d78-91ad-5d333afff979\" alt=\"\" \/><\/p>\n<p>\n","protected":false},"excerpt":{"rendered":"<p>Nesta p\u00e1gina ser\u00e3o divulgadas as atividades de semin\u00e1rios para o PPGInf.&nbsp;&nbsp; Para ser aprovado na disciplina o aluno deve apresentar uma resenha de pelo menos 12 semin\u00e1rios. Aberta a primeira janela de envio das 12 resenhas (enviar em um \u00fanico arquivo) para o email bona@inf com o assunto: SEMINARIOS seu nome Prazo 20 de Agosto &hellip; <a href=\"https:\/\/web.inf.ufpr.br\/bona\/seminarios-em-informatica\/\" class=\"more-link\">Continuar lendo <span class=\"screen-reader-text\">Semin\u00e1rios Integrados<\/span><\/a><\/p>\n","protected":false},"author":60,"featured_media":0,"parent":0,"menu_order":0,"comment_status":"closed","ping_status":"closed","template":"","meta":{"footnotes":""},"class_list":["post-51","page","type-page","status-publish","hentry"],"_links":{"self":[{"href":"https:\/\/web.inf.ufpr.br\/bona\/wp-json\/wp\/v2\/pages\/51","targetHints":{"allow":["GET"]}}],"collection":[{"href":"https:\/\/web.inf.ufpr.br\/bona\/wp-json\/wp\/v2\/pages"}],"about":[{"href":"https:\/\/web.inf.ufpr.br\/bona\/wp-json\/wp\/v2\/types\/page"}],"author":[{"embeddable":true,"href":"https:\/\/web.inf.ufpr.br\/bona\/wp-json\/wp\/v2\/users\/60"}],"replies":[{"embeddable":true,"href":"https:\/\/web.inf.ufpr.br\/bona\/wp-json\/wp\/v2\/comments?post=51"}],"version-history":[{"count":142,"href":"https:\/\/web.inf.ufpr.br\/bona\/wp-json\/wp\/v2\/pages\/51\/revisions"}],"predecessor-version":[{"id":298,"href":"https:\/\/web.inf.ufpr.br\/bona\/wp-json\/wp\/v2\/pages\/51\/revisions\/298"}],"wp:attachment":[{"href":"https:\/\/web.inf.ufpr.br\/bona\/wp-json\/wp\/v2\/media?parent=51"}],"curies":[{"name":"wp","href":"https:\/\/api.w.org\/{rel}","templated":true}]}}