{"id":1489,"date":"2021-11-02T15:00:05","date_gmt":"2021-11-02T18:00:05","guid":{"rendered":"https:\/\/web.inf.ufpr.br\/bcc\/?page_id=1489"},"modified":"2022-08-01T12:04:46","modified_gmt":"2022-08-01T15:04:46","slug":"descricao","status":"publish","type":"page","link":"https:\/\/web.inf.ufpr.br\/bcc\/descricao\/","title":{"rendered":"Descri\u00e7\u00e3o do curso"},"content":{"rendered":"\n<header class=\"entry-header\">\n<p>O curso de Bacharelado em Ci\u00eancia da Computa\u00e7\u00e3o (BCC) da UFPR est\u00e1 classificado com nota 5 no \u00faltimo ENADE (2017), uma das melhores avalia\u00e7\u00f5es que comp\u00f5em o Sistema Nacional de Avalia\u00e7\u00e3o da Educa\u00e7\u00e3o Superior (SINAES\/MEC). Segundo o Ranking Universit\u00e1rio da Folha (RUF), vers\u00e3o 2019, o curso \u00e9 o 9\u00ba melhor do pa\u00eds, sendo o segundo da regi\u00e3o Sul e o melhor classificado no estado do Paran\u00e1.<\/p>\n<p>O curso abrange de forma n\u00e3o exclusiva tr\u00eas diferentes perfis profissionais: empreendedor, desenvolvedor e acad\u00eamico, que refletem as diferentes aptid\u00f5es e compet\u00eancias dos formandos e suas diferentes atua\u00e7\u00f5es.<\/p>\n<p>O curso oferece 80 vagas (Vestibular + SiSU\/ENEM) em entrada \u00fanica no primeiro semestre de cada ano e funciona em sua totalidade no campus do Centro Polit\u00e9cnico da UFPR, em Curitiba. Ele tem dura\u00e7\u00e3o de 4 anos e exige dedica\u00e7\u00e3o em tempo integral, pois tem disciplinas \u00e0 tarde (maioria) e \u00e0 noite (algumas).<\/p>\n<p>Alguns v\u00eddeos sobre o curso est\u00e3o dispon\u00edveis:<\/p>\n<ul>\n<li><a href=\"https:\/\/youtu.be\/VqK0xSYE8Fk\">Voca\u00e7\u00e3o UFPR &#8211; Ci\u00eancia da computa\u00e7\u00e3o<\/a> (2013)<\/li>\n<li><a href=\"https:\/\/youtu.be\/sc6JxAzDKMc\">Voca\u00e7\u00e3o UFPR &#8211; Ci\u00eancia da Computa\u00e7\u00e3o<\/a> (2015)<\/li>\n<li><a href=\"https:\/\/youtu.be\/cA27_Z42Cbg\">Palestra Feira de Cursos<\/a> (2019)<\/li>\n<\/ul>\n<h4 class=\"entry-title\">Hist\u00f3rico<\/h4>\n<\/header>\n<p>O Departamento de Inform\u00e1tica da UFPR (DINF) \u00e9 um dos mais antigos do pa\u00eds. Criado em 20 de agosto de 1971, foi inicialmente denominado Departamento de Estat\u00edstica e Computa\u00e7\u00e3o Eletr\u00f4nica. Em 10 de abril de 1975 passou a ser chamado de Departamento de Inform\u00e1tica, mas apenas em 22 de dezembro de 1988 foi desmembrado do Departamento de Estat\u00edstica, e as disciplinas e professores de cada \u00e1rea foram separados.<\/p>\n<p>Em julho de 1975 foi realizado o primeiro exame vestibular para o curso de Tecn\u00f3logo em Processamento de Dados, o primeiro curso superior de inform\u00e1tica do estado do Paran\u00e1. Esse curso tinha dura\u00e7\u00e3o de 3 anos e visava formar rapidamente t\u00e9cnicos capacitados para atender \u00e0 demanda crescente de inform\u00e1tica no pa\u00eds. As aulas pr\u00e1ticas eram realizadas no CCE (Centro de Computa\u00e7\u00e3o Eletr\u00f4nica), que tinha em sua infraestrutura um equipamento IBM 1130 com 8 Kbytes de mem\u00f3ria, no qual os alunos processavam seus programas codificados em cart\u00f5es perfurados na linguagem Fortran.<\/p>\n<p>Em 1988 o curso de Tecn\u00f3logo em Processamento de Dados foi transformado no curso de Bacharelado em Inform\u00e1tica, com 4 anos de dura\u00e7\u00e3o (novamente o primeiro bacharelado na \u00e1rea no Paran\u00e1). Em 2000 o Curso de Bacharelado em Inform\u00e1tica foi avaliado com conceito A pelo MEC e, seguindo sua recomenda\u00e7\u00e3o, teve o nome alterado para Bacharelado em Ci\u00eancia da Computa\u00e7\u00e3o, em setembro de 2001.<\/p>\n<p>Al\u00e9m dos cursos de gradua\u00e7\u00e3o, o DINF criou o Mestrado em Inform\u00e1tica em 1996, tendo formado mais de 550 mestres at\u00e9 2021. Em 2008 a CAPES aprovou o Doutorado em Inform\u00e1tica, primeiro doutorado p\u00fablico na \u00e1rea de Ci\u00eancia da Computa\u00e7\u00e3o no Paran\u00e1, que passou a ser oferecido pelo Departamento de Inform\u00e1tica em 2009.<\/p>\n<header class=\"entry-header\">\n<h4 class=\"entry-title\">O Profissional e o mercado<\/h4>\n<\/header>\n<div class=\"entry-content clearfix\">\n<div>\n<p>O profissional de Ci\u00eancia da Computa\u00e7\u00e3o \u00e9 um resolvedor de problemas. Para isso espera-se dos estudantes o dom\u00ednio dos v\u00e1rios aspectos de um sistema de computa\u00e7\u00e3o, transitando por todas as sub\u00e1reas da Inform\u00e1tica com naturalidade, al\u00e9m da capacidade de absorver novas tecnologias, acompanhando a evolu\u00e7\u00e3o da Inform\u00e1tica por toda a sua carreira.<\/p>\n<p>Tamb\u00e9m s\u00e3o caracter\u00edsticas esperadas para os estudantes da Ci\u00eancia da Computa\u00e7\u00e3o a capacidade de analisar e modelar problemas que lhes sejam apresentados, adotando as t\u00e9cnicas adequadas para solucion\u00e1-los da melhor forma poss\u00edvel, sendo criativos, curiosos e capazes de buscar alternativas, usando racioc\u00ednio l\u00f3gico e bom-senso.<\/p>\n<p>O campo de trabalho \u00e9 assegurado em empresas e organiza\u00e7\u00f5es de todos os tamanhos, das menores at\u00e9 as grandes multinacionais, \u00f3rg\u00e3os p\u00fablicos, no Brasil e no exterior. O egresso pode atuar como programador, analista, entre outros, dependendo das suas qualidades pessoais e do seu desenvolvimento durante o curso.<\/p>\n<header class=\"entry-header\">\n<h4 class=\"entry-title\">Perfil do egresso<\/h4>\n<\/header>\n<div class=\"entry-content clearfix\">\n<p>O curso de Ci\u00eancia da Computa\u00e7\u00e3o da UFPR permite tr\u00eas diferentes perfis profissionais. Estes perfis refletem as diferentes aptid\u00f5es e compet\u00eancias dos formandos e diferentes atua\u00e7\u00f5es. S\u00e3o eles:<\/p>\n<ul>\n<li>Empreendedor<\/li>\n<li>Desenvolvedor<\/li>\n<li>Acad\u00eamico<\/li>\n<\/ul>\n<p>O primeiro e segundo perfis podem ser chamados de mercadol\u00f3gicos, ou seja, correspondem ao formando que vai para o mercado de trabalho. O empreendedor atuar\u00e1 mais na parte administrativa e o desenvolvedor atuar\u00e1 em desenvolvimento de software. O terceiro perfil corresponde ao formando que vai seguir carreira acad\u00eamica e prosseguir seus estudos atrav\u00e9s de cursos de p\u00f3s-gradua\u00e7\u00e3o: especializa\u00e7\u00e3o, mestrado e doutorado, atuando como pesquisador.<\/p>\n<header class=\"entry-header\">\n<h4 class=\"entry-title\">Compet\u00eancias e habilidades<\/h4>\n<\/header>\n<div class=\"entry-content clearfix\">\n<p>O curso de Ci\u00eancia da Computa\u00e7\u00e3o da UFPR visa fornecer bases te\u00f3ricas e pr\u00e1ticas que permitam aos seus egressos evoluir profissionalmente em qualquer uma das vertentes descritas acima (empreendedor, desenvolvedor ou acad\u00eamico). O objetivo principal do curso \u00e9 fornecer ao aluno conhecimentos suficientes de maneira que este tenha condi\u00e7\u00f5es de:<\/p>\n<ol>\n<li>Dominar os v\u00e1rios aspectos de um sistema de computa\u00e7\u00e3o, transitando por todas as sub\u00e1reas da inform\u00e1tica com naturalidade, al\u00e9m de absorver novas tecnologias, acompanhando a evolu\u00e7\u00e3o da inform\u00e1tica durante toda a sua carreira;<\/li>\n<li>Analisar e modelar problemas que lhe sejam apresentados, adotando as t\u00e9cnicas adequadas para solucion\u00e1-los da melhor maneira poss\u00edvel, sendo capaz de buscar alternativas.<\/li>\n<\/ol>\n<header class=\"entry-header\">\n<h4 class=\"entry-title\">Dura\u00e7\u00e3o do curso<\/h4>\n<\/header>\n<div class=\"entry-content clearfix\">\n<p>O curso de Bacharel em Ci\u00eancia da Computa\u00e7\u00e3o (BCC) \u00e9 integral, sendo que a concentra\u00e7\u00e3o de aulas encontra-se no per\u00edodo tarde e noite, facilitando a execu\u00e7\u00e3o de est\u00e1gios durante o per\u00edodo da manh\u00e3.<\/p>\n<p>O prazo previsto para o acad\u00eamico concluir o curso de Bacharel em Ci\u00eancia da Computa\u00e7\u00e3o \u00e9 de 8 (oito) semestres e o prazo m\u00e1ximo \u00e9 de 12 (doze) semestres. A carga hor\u00e1ria semanal t\u00edpica \u00e9 de 20 horas. O curr\u00edculo pleno consiste num total de 3.200 horas distribu\u00eddas em 4 grupos de disciplinas de forma\u00e7\u00e3o e um conjunto de atividades complementares:<\/p>\n<ol>\n<li>Disciplinas de forma\u00e7\u00e3o b\u00e1sica (900 horas)<\/li>\n<li>Disciplinas de forma\u00e7\u00e3o geral (180 horas)<\/li>\n<li>Disciplinas de forma\u00e7\u00e3o profissional geral (1.080 horas)<\/li>\n<li>Disciplinas optativas (360 horas)<\/li>\n<li>Atividades formativas complementares (160 horas)<\/li>\n<\/ol>\n<\/div>\n<\/div>\n<\/div>\n<\/div>\n<\/div>\n","protected":false},"excerpt":{"rendered":"","protected":false},"author":71,"featured_media":0,"parent":0,"menu_order":0,"comment_status":"closed","ping_status":"closed","template":"","meta":{"colormag_page_container_layout":"default_layout","colormag_page_sidebar_layout":"default_layout","footnotes":""},"class_list":["post-1489","page","type-page","status-publish","hentry"],"_links":{"self":[{"href":"https:\/\/web.inf.ufpr.br\/bcc\/wp-json\/wp\/v2\/pages\/1489","targetHints":{"allow":["GET"]}}],"collection":[{"href":"https:\/\/web.inf.ufpr.br\/bcc\/wp-json\/wp\/v2\/pages"}],"about":[{"href":"https:\/\/web.inf.ufpr.br\/bcc\/wp-json\/wp\/v2\/types\/page"}],"author":[{"embeddable":true,"href":"https:\/\/web.inf.ufpr.br\/bcc\/wp-json\/wp\/v2\/users\/71"}],"replies":[{"embeddable":true,"href":"https:\/\/web.inf.ufpr.br\/bcc\/wp-json\/wp\/v2\/comments?post=1489"}],"version-history":[{"count":9,"href":"https:\/\/web.inf.ufpr.br\/bcc\/wp-json\/wp\/v2\/pages\/1489\/revisions"}],"predecessor-version":[{"id":1786,"href":"https:\/\/web.inf.ufpr.br\/bcc\/wp-json\/wp\/v2\/pages\/1489\/revisions\/1786"}],"wp:attachment":[{"href":"https:\/\/web.inf.ufpr.br\/bcc\/wp-json\/wp\/v2\/media?parent=1489"}],"curies":[{"name":"wp","href":"https:\/\/api.w.org\/{rel}","templated":true}]}}